{"id":670,"date":"2024-10-03T16:12:06","date_gmt":"2024-10-03T20:12:06","guid":{"rendered":"https:\/\/fmahaiti.org\/site\/?page_id=670"},"modified":"2026-08-04T10:54:05","modified_gmt":"2026-08-04T14:54:05","slug":"home","status":"publish","type":"page","link":"https:\/\/fmahaiti.org\/site\/","title":{"rendered":"Bienvenue sur le site des FMA d&rsquo;Haiti"},"content":{"rendered":"<div class=\"shadow-box\">\n\n<div class=\"wprpsp-pro-slider-wrp wprpsp-clearfix \" data-conf=\"{&quot;dots&quot;:&quot;true&quot;,&quot;arrows&quot;:&quot;true&quot;,&quot;fade&quot;:&quot;false&quot;,&quot;autoplay&quot;:&quot;true&quot;,&quot;autoplay_interval&quot;:6000,&quot;speed&quot;:600,&quot;design&quot;:&quot;design-20&quot;,&quot;rtl&quot;:&quot;false&quot;,&quot;infinite&quot;:&quot;true&quot;,&quot;nav_slides&quot;:4,&quot;hover_pause&quot;:&quot;true&quot;,&quot;focus_pause&quot;:&quot;false&quot;}\">\n\t<div id=\"wprpsp-pro-slider-1\" class=\"wprpsp-recent-post-slider wprpsp-post-slider wprpsp-design-20 wprpsp-image-fit wprpsp-post-nav-slider wprpsp-medium-8 wprpsp-columns block-no-padding\" data-slider-nav-for='wprpsp-recent-post-nav-1'>\n<div class=\"wprpsp-post-slides\">\n\t<div class=\"wprpsp-post-overlay\">\n\t\t<div class=\"wprpsp-post-image-wrap wprpsp-post-image-bg\">\n\t\t\t\t\t\t\t<img decoding=\"async\" src=\"https:\/\/i0.wp.com\/fmahaiti.org\/site\/wp-content\/uploads\/2026\/08\/d7b1ac72-a1b9-4e04-b344-1a8e875580ef.jpg?fit=2048%2C2048&#038;ssl=1\" alt=\"Festivit\u00e9s des 4 et 5 Ao\u00fbt 2026 : C\u00e9r\u00e9monie de v\u00eature\/ 1er V\u0153ux\/ V\u0153ux perp\u00e9tuels &#8211; 25 ans\" class=\"wprpsp-post-img\" \/>\n\t\t\t\t\t<\/div>\n\t\t\t\t\t<div class=\"wprpsp-post-cats-wrap\"><ul class=\"post-categories wprpsp-post-categories\"><li><a href=\"https:\/\/fmahaiti.org\/site\/category\/vie-consacree\/\" rel=\"category\" target=\"_self\"> Vie Consacr\u00e9e <\/a><\/li><li><a href=\"https:\/\/fmahaiti.org\/site\/category\/vie-de-linstitut\/\" rel=\"category\" target=\"_self\"> Vie de l'Institut <\/a><\/li><\/ul><\/div>\n\t\t\t\t<div class=\"wprpsp-post-short-cnt\">\n\t\t\t<div class=\"item-meta bottom\">\n\t\t\t\t\t\t\t\t\t<h2 class=\"wprpsp-post-title\">\n\t\t\t\t\t\t<a href=\"https:\/\/fmahaiti.org\/site\/2026\/08\/19\/festivites-des-4-et-5-aout-2026-ceremonie-de-veture-1er-voeux-voeux-perpetuels-25-ans\/\" target=\"_self\">Festivit\u00e9s des 4 et 5 Ao\u00fbt 2026 : C\u00e9r\u00e9monie de v\u00eature\/ 1er V\u0153ux\/ V\u0153ux perp\u00e9tuels &#8211; 25 ans<\/a>\n\t\t\t\t\t<\/h2>\n\t\t\t\t\t\t\t\t\t<div class=\"wprpsp-post-date\">\t\t\n\t\t\t\t\t\t\t\t\t\t\t\t\t\t\t\t\t\t19 ao\u00fbt 2026\t\t\t\t\t<\/div>\n\t\t\t\t\n\t\t\t\t\t\t\t\t\t<div class=\"wprpsp-post-content\">\n\t\t\t\t\t\t<div>T\u00f4t, dans la matin\u00e9e du 4 Ao\u00fbt, nous avons d\u00e9but\u00e9 notre journ\u00e9e chez nos Confr\u00e8res SDB \u00e0 Fleuriot, Port-au-Prince, avec la rentr\u00e9e au Noviciat des quatre Postulantes : S\u0153ur Chaina Joseph, S\u0153ur Phaica Port Louis, S\u0153ur Sagine Fran\u00e7ois et S\u0153ur Syliane Joseph. Aux environs de 8hres30, toujours le 4 Ao\u00fbt, S\u0153ur Neissa Christie L\u00e9on, S\u0153ur Asmide Dantil et S\u0153ur Manoulie...<\/div>\n\t\t\t\t\t\t\t\t\t\t\t\t\t<a class=\"wprpsp-read-more-btn\" href=\"https:\/\/fmahaiti.org\/site\/2026\/08\/19\/festivites-des-4-et-5-aout-2026-ceremonie-de-veture-1er-voeux-voeux-perpetuels-25-ans\/\" target=\"_self\">lire la suite<\/a>\n\t\t\t\t\t\t\t\t\t\t\t<\/div>\n\t\t\t\t\t\t\t<\/div>\n\t\t<\/div>\n\t\t<a class=\"wprpsp-post-link\" href=\"https:\/\/fmahaiti.org\/site\/2026\/08\/19\/festivites-des-4-et-5-aout-2026-ceremonie-de-veture-1er-voeux-voeux-perpetuels-25-ans\/\" target=\"_self\"><\/a>\n\t<\/div>\n<\/div>\n<div class=\"wprpsp-post-slides\">\n\t<div class=\"wprpsp-post-overlay\">\n\t\t<div class=\"wprpsp-post-image-wrap wprpsp-post-image-bg\">\n\t\t\t\t\t\t\t<img decoding=\"async\" src=\"https:\/\/i0.wp.com\/fmahaiti.org\/site\/wp-content\/uploads\/2026\/08\/9ec95b88-bacb-4c94-b015-89b3278e1e31.jpg?fit=1000%2C750&#038;ssl=1\" alt=\"Exercices Spirituels Juillet-Ao\u00fbt 2026 chez les FMA d&rsquo; Ha\u00efti\" class=\"wprpsp-post-img\" \/>\n\t\t\t\t\t<\/div>\n\t\t\t\t\t<div class=\"wprpsp-post-cats-wrap\"><ul class=\"post-categories wprpsp-post-categories\"><li><a href=\"https:\/\/fmahaiti.org\/site\/category\/vie-consacree\/\" rel=\"category\" target=\"_self\"> Vie Consacr\u00e9e <\/a><\/li><li><a href=\"https:\/\/fmahaiti.org\/site\/category\/vie-de-la-province\/\" rel=\"category\" target=\"_self\"> Vie de la Province <\/a><\/li><\/ul><\/div>\n\t\t\t\t<div class=\"wprpsp-post-short-cnt\">\n\t\t\t<div class=\"item-meta bottom\">\n\t\t\t\t\t\t\t\t\t<h2 class=\"wprpsp-post-title\">\n\t\t\t\t\t\t<a href=\"https:\/\/fmahaiti.org\/site\/2026\/08\/19\/exercices-spirituels-juillet-aout-2026-chez-les-fma-d-haiti\/\" target=\"_self\">Exercices Spirituels Juillet-Ao\u00fbt 2026 chez les FMA d&rsquo; Ha\u00efti<\/a>\n\t\t\t\t\t<\/h2>\n\t\t\t\t\t\t\t\t\t<div class=\"wprpsp-post-date\">\t\t\n\t\t\t\t\t\t\t\t\t\t\t\t\t\t\t\t\t\t19 ao\u00fbt 2026\t\t\t\t\t<\/div>\n\t\t\t\t\n\t\t\t\t\t\t\t\t\t<div class=\"wprpsp-post-content\">\n\t\t\t\t\t\t<div>Notre retraite s\u2019est r\u00e9alis\u00e9e en trois groupes, avec le m\u00eame Pr\u00e9dicateur, le P\u00e8re Gilbert Peltro pr\u00eatre religieux, R\u00e9demptoriste, autour du grand th\u00e8me: \u00ab N\u00e9es de l\u2019Esprit, envoy\u00e9es pour \u00e9vang\u00e9liser et se sanctifier \u00bb. S\u0153ur Altagr\u00e2ce Mathias, pour les causeries sur\u00a0le Th\u00e8me: \u00ab N\u00e9es de l\u2019Esprit, envoy\u00e9es pour \u00e9vang\u00e9liser et se sanctifier dans l\u2019Esprit du Charisme \u00bb 5-12 Juillet\u00a0\u00a0\u00a0\u00a0\u00a0\u00a0\u00a0\u00a0\u00a0\u00a0\u00a0\u00a0\u00a0\u00a0\u00a0\u00a0\u00a0 : Grand...<\/div>\n\t\t\t\t\t\t\t\t\t\t\t\t\t<a class=\"wprpsp-read-more-btn\" href=\"https:\/\/fmahaiti.org\/site\/2026\/08\/19\/exercices-spirituels-juillet-aout-2026-chez-les-fma-d-haiti\/\" target=\"_self\">lire la suite<\/a>\n\t\t\t\t\t\t\t\t\t\t\t<\/div>\n\t\t\t\t\t\t\t<\/div>\n\t\t<\/div>\n\t\t<a class=\"wprpsp-post-link\" href=\"https:\/\/fmahaiti.org\/site\/2026\/08\/19\/exercices-spirituels-juillet-aout-2026-chez-les-fma-d-haiti\/\" target=\"_self\"><\/a>\n\t<\/div>\n<\/div>\n<div class=\"wprpsp-post-slides\">\n\t<div class=\"wprpsp-post-overlay\">\n\t\t<div class=\"wprpsp-post-image-wrap wprpsp-post-image-bg\">\n\t\t\t\t\t\t\t<img decoding=\"async\" src=\"https:\/\/i0.wp.com\/fmahaiti.org\/site\/wp-content\/uploads\/2026\/08\/ddd4bef0-3813-4a65-948d-38a9b18ba689.jpg?fit=1280%2C450&#038;ssl=1\" alt=\"Temps du Deuxi\u00e8me Noviciat &#8211; Juillet 2026\" class=\"wprpsp-post-img\" \/>\n\t\t\t\t\t<\/div>\n\t\t\t\t\t<div class=\"wprpsp-post-cats-wrap\"><ul class=\"post-categories wprpsp-post-categories\"><li><a href=\"https:\/\/fmahaiti.org\/site\/category\/uncategorized\/\" rel=\"category\" target=\"_self\"> Uncategorized <\/a><\/li><\/ul><\/div>\n\t\t\t\t<div class=\"wprpsp-post-short-cnt\">\n\t\t\t<div class=\"item-meta bottom\">\n\t\t\t\t\t\t\t\t\t<h2 class=\"wprpsp-post-title\">\n\t\t\t\t\t\t<a href=\"https:\/\/fmahaiti.org\/site\/2026\/08\/18\/temps-du-deuxieme-noviciat-juillet-2026\/\" target=\"_self\">Temps du Deuxi\u00e8me Noviciat &#8211; Juillet 2026<\/a>\n\t\t\t\t\t<\/h2>\n\t\t\t\t\t\t\t\t\t<div class=\"wprpsp-post-date\">\t\t\n\t\t\t\t\t\t\t\t\t\t\t\t\t\t\t\t\t\t18 ao\u00fbt 2026\t\t\t\t\t<\/div>\n\t\t\t\t\n\t\t\t\t\t\t\t\t\t<div class=\"wprpsp-post-content\">\n\t\t\t\t\t\t<div>Du 2 au 23 juillet 2026, apr\u00e8s plusieurs ann\u00e9es de v\u0153ux temporaires, Sr. AUGUSTE Sophie, Sr. CHARLES Witchy, Sr. JANVIER Rose Galie, Sr. NELSON St\u00e9phanie, Sr. PIERRE Johana, Sr. ST PHILIPPE Est\u00e9phanie, Sr. TAVERNIER Fradanie, Sr. BORSA Judite, \u00a0\u00a0\u00a0\u00a0\u00a0\u00a0\u00a0\u00a0\u00a0\u00a0\u00a0 Sr.DEMESOIE Louisem\u00e8ne, Sr.ESTEUS Elmita, Sr.JACOB Stane Lovely, Sr. DAVID Mona ont v\u00e9cu une belle exp\u00e9rience au sein de la communaut\u00e9 Marie-Dominique...<\/div>\n\t\t\t\t\t\t\t\t\t\t\t\t\t<a class=\"wprpsp-read-more-btn\" href=\"https:\/\/fmahaiti.org\/site\/2026\/08\/18\/temps-du-deuxieme-noviciat-juillet-2026\/\" target=\"_self\">lire la suite<\/a>\n\t\t\t\t\t\t\t\t\t\t\t<\/div>\n\t\t\t\t\t\t\t<\/div>\n\t\t<\/div>\n\t\t<a class=\"wprpsp-post-link\" href=\"https:\/\/fmahaiti.org\/site\/2026\/08\/18\/temps-du-deuxieme-noviciat-juillet-2026\/\" target=\"_self\"><\/a>\n\t<\/div>\n<\/div>\n<div class=\"wprpsp-post-slides\">\n\t<div class=\"wprpsp-post-overlay\">\n\t\t<div class=\"wprpsp-post-image-wrap wprpsp-post-image-bg\">\n\t\t\t\t\t\t\t<img decoding=\"async\" src=\"https:\/\/i0.wp.com\/fmahaiti.org\/site\/wp-content\/uploads\/2026\/08\/EG7_1487-scaled.jpg?fit=2560%2C881&#038;ssl=1\" alt=\"\u00ab Virtus Invictus \u00bb : l\u2019\u00c9cole H\u00f4teli\u00e8re Marie Auxiliatrice c\u00e9l\u00e8bre la r\u00e9ussite et la r\u00e9silience de sa promotion 2024-2026\" class=\"wprpsp-post-img\" \/>\n\t\t\t\t\t<\/div>\n\t\t\t\t\t<div class=\"wprpsp-post-cats-wrap\"><ul class=\"post-categories wprpsp-post-categories\"><li><a href=\"https:\/\/fmahaiti.org\/site\/category\/activites\/\" rel=\"category\" target=\"_self\"> Activit\u00e9s <\/a><\/li><li><a href=\"https:\/\/fmahaiti.org\/site\/category\/education\/\" rel=\"category\" target=\"_self\"> \u00c9ducation <\/a><\/li><li><a href=\"https:\/\/fmahaiti.org\/site\/category\/jeunes\/\" rel=\"category\" target=\"_self\"> Espace Jeunes <\/a><\/li><\/ul><\/div>\n\t\t\t\t<div class=\"wprpsp-post-short-cnt\">\n\t\t\t<div class=\"item-meta bottom\">\n\t\t\t\t\t\t\t\t\t<h2 class=\"wprpsp-post-title\">\n\t\t\t\t\t\t<a href=\"https:\/\/fmahaiti.org\/site\/2026\/08\/12\/virtus-invictus-lecole-hoteliere-marie-auxiliatrice-celebre-la-reussite-et-la-resilience-de-sa-promotion-2024-2026-2\/\" target=\"_self\">\u00ab Virtus Invictus \u00bb : l\u2019\u00c9cole H\u00f4teli\u00e8re Marie Auxiliatrice c\u00e9l\u00e8bre la r\u00e9ussite et la r\u00e9silience de sa promotion 2024-2026<\/a>\n\t\t\t\t\t<\/h2>\n\t\t\t\t\t\t\t\t\t<div class=\"wprpsp-post-date\">\t\t\n\t\t\t\t\t\t\t\t\t\t\t\t\t\t\t\t\t\t12 ao\u00fbt 2026\t\t\t\t\t<\/div>\n\t\t\t\t\n\t\t\t\t\t\t\t\t\t<div class=\"wprpsp-post-content\">\n\t\t\t\t\t\t<div>Depuis son \u00e9tablissement \u00e0 La Saline, en octobre 2012, l\u2019\u00c9cole H\u00f4teli\u00e8re Marie Auxiliatrice (EHMA), \u0153uvre des S\u0153urs Sal\u00e9siennes de Don Bosco, accompagne les jeunes dans leur formation et leur pr\u00e9paration \u00e0 la vie professionnelle. \u00c0 travers l\u2019apprentissage d\u2019un m\u00e9tier, l\u2019\u00e9tablissement s\u2019efforce \u00e9galement de transmettre des valeurs essentielles telles que le respect, la responsabilit\u00e9, l\u2019int\u00e9grit\u00e9 et le sens du service. Au...<\/div>\n\t\t\t\t\t\t\t\t\t\t\t\t\t<a class=\"wprpsp-read-more-btn\" href=\"https:\/\/fmahaiti.org\/site\/2026\/08\/12\/virtus-invictus-lecole-hoteliere-marie-auxiliatrice-celebre-la-reussite-et-la-resilience-de-sa-promotion-2024-2026-2\/\" target=\"_self\">lire la suite<\/a>\n\t\t\t\t\t\t\t\t\t\t\t<\/div>\n\t\t\t\t\t\t\t<\/div>\n\t\t<\/div>\n\t\t<a class=\"wprpsp-post-link\" href=\"https:\/\/fmahaiti.org\/site\/2026\/08\/12\/virtus-invictus-lecole-hoteliere-marie-auxiliatrice-celebre-la-reussite-et-la-resilience-de-sa-promotion-2024-2026-2\/\" target=\"_self\"><\/a>\n\t<\/div>\n<\/div>\n<div class=\"wprpsp-post-slides\">\n\t<div class=\"wprpsp-post-overlay\">\n\t\t<div class=\"wprpsp-post-image-wrap wprpsp-post-image-bg\">\n\t\t\t\t\t\t\t<img decoding=\"async\" src=\"https:\/\/i0.wp.com\/fmahaiti.org\/site\/wp-content\/uploads\/2026\/08\/20260802_110058-scaled.jpg?fit=2560%2C2172&#038;ssl=1\" alt=\"Une nouvelle g\u00e9n\u00e9ration de professionnels pr\u00eats \u00e0 servir la soci\u00e9t\u00e9!\" class=\"wprpsp-post-img\" \/>\n\t\t\t\t\t<\/div>\n\t\t\t\t\t<div class=\"wprpsp-post-cats-wrap\"><ul class=\"post-categories wprpsp-post-categories\"><li><a href=\"https:\/\/fmahaiti.org\/site\/category\/activites\/\" rel=\"category\" target=\"_self\"> Activit\u00e9s <\/a><\/li><li><a href=\"https:\/\/fmahaiti.org\/site\/category\/education\/\" rel=\"category\" target=\"_self\"> \u00c9ducation <\/a><\/li><li><a href=\"https:\/\/fmahaiti.org\/site\/category\/jeunes\/\" rel=\"category\" target=\"_self\"> Espace Jeunes <\/a><\/li><\/ul><\/div>\n\t\t\t\t<div class=\"wprpsp-post-short-cnt\">\n\t\t\t<div class=\"item-meta bottom\">\n\t\t\t\t\t\t\t\t\t<h2 class=\"wprpsp-post-title\">\n\t\t\t\t\t\t<a href=\"https:\/\/fmahaiti.org\/site\/2026\/08\/12\/une-nouvelle-generation-de-professionnels-prets-a-servir-la-societe\/\" target=\"_self\">Une nouvelle g\u00e9n\u00e9ration de professionnels pr\u00eats \u00e0 servir la soci\u00e9t\u00e9!<\/a>\n\t\t\t\t\t<\/h2>\n\t\t\t\t\t\t\t\t\t<div class=\"wprpsp-post-date\">\t\t\n\t\t\t\t\t\t\t\t\t\t\t\t\t\t\t\t\t\t12 ao\u00fbt 2026\t\t\t\t\t<\/div>\n\t\t\t\t\n\t\t\t\t\t\t\t\t\t<div class=\"wprpsp-post-content\">\n\t\t\t\t\t\t<div>Le dimanche 2 ao\u00fbt 2026, l'\u00c9cole Professionnelle MAIN (EPMA) a v\u00e9cu l'un des moments les plus marquants de son ann\u00e9e acad\u00e9mique en c\u00e9l\u00e9brant la c\u00e9r\u00e9monie de collation de grades de la promotion ''ZEPHYR ''. Dans une ambiance empreinte de joie, d'\u00e9motion et de reconnaissance, parents, invit\u00e9s, membres de la communaut\u00e9 \u00e9ducative et amis se sont r\u00e9unis pour accompagner les finissants...<\/div>\n\t\t\t\t\t\t\t\t\t\t\t\t\t<a class=\"wprpsp-read-more-btn\" href=\"https:\/\/fmahaiti.org\/site\/2026\/08\/12\/une-nouvelle-generation-de-professionnels-prets-a-servir-la-societe\/\" target=\"_self\">lire la suite<\/a>\n\t\t\t\t\t\t\t\t\t\t\t<\/div>\n\t\t\t\t\t\t\t<\/div>\n\t\t<\/div>\n\t\t<a class=\"wprpsp-post-link\" href=\"https:\/\/fmahaiti.org\/site\/2026\/08\/12\/une-nouvelle-generation-de-professionnels-prets-a-servir-la-societe\/\" target=\"_self\"><\/a>\n\t<\/div>\n<\/div>\n<div class=\"wprpsp-post-slides\">\n\t<div class=\"wprpsp-post-overlay\">\n\t\t<div class=\"wprpsp-post-image-wrap wprpsp-post-image-bg\">\n\t\t\t\t\t\t\t<img decoding=\"async\" src=\"https:\/\/i0.wp.com\/fmahaiti.org\/site\/wp-content\/uploads\/2026\/08\/thumbnail.jpg?fit=1280%2C636&#038;ssl=1\" alt=\"La Communaut\u00e9 Jean-Paul II c\u00e9l\u00e8bre avec \u00e9clat la graduation des jeunes du Centre Professionnel Jean-Paul II et de l&rsquo;Institut P\u00e9dagogique des S\u0153urs Sal\u00e9siennes Anse-\u00e0-Pitres (IPSA)\" class=\"wprpsp-post-img\" \/>\n\t\t\t\t\t<\/div>\n\t\t\t\t\t<div class=\"wprpsp-post-cats-wrap\"><ul class=\"post-categories wprpsp-post-categories\"><li><a href=\"https:\/\/fmahaiti.org\/site\/category\/education\/\" rel=\"category\" target=\"_self\"> \u00c9ducation <\/a><\/li><li><a href=\"https:\/\/fmahaiti.org\/site\/category\/jeunes\/\" rel=\"category\" target=\"_self\"> Espace Jeunes <\/a><\/li><\/ul><\/div>\n\t\t\t\t<div class=\"wprpsp-post-short-cnt\">\n\t\t\t<div class=\"item-meta bottom\">\n\t\t\t\t\t\t\t\t\t<h2 class=\"wprpsp-post-title\">\n\t\t\t\t\t\t<a href=\"https:\/\/fmahaiti.org\/site\/2026\/08\/12\/la-communaute-jean-paul-ii-celebre-avec-eclat-la-graduation-des-jeunes-du-centre-professionnel-jean-paul-ii-et-de-linstitut-pedagogique-des-soeurs-salesiennes-anse-a-pitres-ipsa\/\" target=\"_self\">La Communaut\u00e9 Jean-Paul II c\u00e9l\u00e8bre avec \u00e9clat la graduation des jeunes du Centre Professionnel Jean-Paul II et de l&rsquo;Institut P\u00e9dagogique des S\u0153urs Sal\u00e9siennes Anse-\u00e0-Pitres (IPSA)<\/a>\n\t\t\t\t\t<\/h2>\n\t\t\t\t\t\t\t\t\t<div class=\"wprpsp-post-date\">\t\t\n\t\t\t\t\t\t\t\t\t\t\t\t\t\t\t\t\t\t12 ao\u00fbt 2026\t\t\t\t\t<\/div>\n\t\t\t\t\n\t\t\t\t\t\t\t\t\t<div class=\"wprpsp-post-content\">\n\t\t\t\t\t\t<div>Plac\u00e9e sous la c\u00e9l\u00e8bre pens\u00e9e d'Eleanor Roosevelt : \u00ab L'avenir appartient \u00e0 ceux qui croient en la beaut\u00e9 de leurs r\u00eaves \u00bb, la Communaut\u00e9 Jean-Paul II a offert \u00e0 la ville d'Anse-\u00e0-Pitres une magnifique c\u00e9l\u00e9bration de l'esp\u00e9rance, de l'\u00e9ducation et de la r\u00e9ussite. Ce dimanche 19 juillet 2026 dans une ambiance empreinte de joie, de reconnaissance et d'\u00e9motion, les jeunes...<\/div>\n\t\t\t\t\t\t\t\t\t\t\t\t\t<a class=\"wprpsp-read-more-btn\" href=\"https:\/\/fmahaiti.org\/site\/2026\/08\/12\/la-communaute-jean-paul-ii-celebre-avec-eclat-la-graduation-des-jeunes-du-centre-professionnel-jean-paul-ii-et-de-linstitut-pedagogique-des-soeurs-salesiennes-anse-a-pitres-ipsa\/\" target=\"_self\">lire la suite<\/a>\n\t\t\t\t\t\t\t\t\t\t\t<\/div>\n\t\t\t\t\t\t\t<\/div>\n\t\t<\/div>\n\t\t<a class=\"wprpsp-post-link\" href=\"https:\/\/fmahaiti.org\/site\/2026\/08\/12\/la-communaute-jean-paul-ii-celebre-avec-eclat-la-graduation-des-jeunes-du-centre-professionnel-jean-paul-ii-et-de-linstitut-pedagogique-des-soeurs-salesiennes-anse-a-pitres-ipsa\/\" target=\"_self\"><\/a>\n\t<\/div>\n<\/div>\n<div class=\"wprpsp-post-slides\">\n\t<div class=\"wprpsp-post-overlay\">\n\t\t<div class=\"wprpsp-post-image-wrap wprpsp-post-image-bg\">\n\t\t\t\t\t\t\t<img decoding=\"async\" src=\"https:\/\/i0.wp.com\/fmahaiti.org\/site\/wp-content\/uploads\/2026\/08\/thumbnail.png?fit=1280%2C720&#038;ssl=1\" alt=\"La promotion \u00ab \u00c9lite \u00bb : une graduation sous le signe de la pers\u00e9v\u00e9rance et de l&rsquo;Esp\u00e9rance\" class=\"wprpsp-post-img\" \/>\n\t\t\t\t\t<\/div>\n\t\t\t\t\t<div class=\"wprpsp-post-cats-wrap\"><ul class=\"post-categories wprpsp-post-categories\"><li><a href=\"https:\/\/fmahaiti.org\/site\/category\/education\/\" rel=\"category\" target=\"_self\"> \u00c9ducation <\/a><\/li><li><a href=\"https:\/\/fmahaiti.org\/site\/category\/jeunes\/\" rel=\"category\" target=\"_self\"> Espace Jeunes <\/a><\/li><\/ul><\/div>\n\t\t\t\t<div class=\"wprpsp-post-short-cnt\">\n\t\t\t<div class=\"item-meta bottom\">\n\t\t\t\t\t\t\t\t\t<h2 class=\"wprpsp-post-title\">\n\t\t\t\t\t\t<a href=\"https:\/\/fmahaiti.org\/site\/2026\/08\/12\/la-promotion-elite-une-graduation-sous-le-signe-de-la-perseverance-et-de-lesperance\/\" target=\"_self\">La promotion \u00ab \u00c9lite \u00bb : une graduation sous le signe de la pers\u00e9v\u00e9rance et de l&rsquo;Esp\u00e9rance<\/a>\n\t\t\t\t\t<\/h2>\n\t\t\t\t\t\t\t\t\t<div class=\"wprpsp-post-date\">\t\t\n\t\t\t\t\t\t\t\t\t\t\t\t\t\t\t\t\t\t12 ao\u00fbt 2026\t\t\t\t\t<\/div>\n\t\t\t\t\n\t\t\t\t\t\t\t\t\t<div class=\"wprpsp-post-content\">\n\t\t\t\t\t\t<div>Le Dimanche 19 juillet 2026, le Centre Professionnel Saint Joseph \u00c9ducateur, dirig\u00e9 par S\u0153ur Miriame MAXIME, a c\u00e9l\u00e9br\u00e9 avec joie la c\u00e9r\u00e9monie de graduation de 41 jeunes ayant achev\u00e9 avec succ\u00e8s leur formation professionnelle. R\u00e9unis en une m\u00eame promotion, ces dipl\u00f4m\u00e9s ont choisi de porter le nom \u00ab \u00c9lite \u00bb, un nom riche de sens qui traduit leur d\u00e9termination, leur...<\/div>\n\t\t\t\t\t\t\t\t\t\t\t\t\t<a class=\"wprpsp-read-more-btn\" href=\"https:\/\/fmahaiti.org\/site\/2026\/08\/12\/la-promotion-elite-une-graduation-sous-le-signe-de-la-perseverance-et-de-lesperance\/\" target=\"_self\">lire la suite<\/a>\n\t\t\t\t\t\t\t\t\t\t\t<\/div>\n\t\t\t\t\t\t\t<\/div>\n\t\t<\/div>\n\t\t<a class=\"wprpsp-post-link\" href=\"https:\/\/fmahaiti.org\/site\/2026\/08\/12\/la-promotion-elite-une-graduation-sous-le-signe-de-la-perseverance-et-de-lesperance\/\" target=\"_self\"><\/a>\n\t<\/div>\n<\/div>\n<div class=\"wprpsp-post-slides\">\n\t<div class=\"wprpsp-post-overlay\">\n\t\t<div class=\"wprpsp-post-image-wrap wprpsp-post-image-bg\">\n\t\t\t\t\t\t\t<img decoding=\"async\" src=\"https:\/\/i0.wp.com\/fmahaiti.org\/site\/wp-content\/uploads\/2026\/08\/EG7_1406-scaled.jpg?fit=2560%2C1709&#038;ssl=1\" alt=\"\u00ab Virtus Invictus \u00bb : l\u2019\u00c9cole H\u00f4teli\u00e8re Marie Auxiliatrice c\u00e9l\u00e8bre la r\u00e9ussite et la r\u00e9silience de sa promotion 2024-2026\" class=\"wprpsp-post-img\" \/>\n\t\t\t\t\t<\/div>\n\t\t\t\t\t<div class=\"wprpsp-post-cats-wrap\"><ul class=\"post-categories wprpsp-post-categories\"><li><a href=\"https:\/\/fmahaiti.org\/site\/category\/bureau-pedagogique\/\" rel=\"category\" target=\"_self\"> Bureau p\u00e9dagogique <\/a><\/li><li><a href=\"https:\/\/fmahaiti.org\/site\/category\/education\/\" rel=\"category\" target=\"_self\"> \u00c9ducation <\/a><\/li><\/ul><\/div>\n\t\t\t\t<div class=\"wprpsp-post-short-cnt\">\n\t\t\t<div class=\"item-meta bottom\">\n\t\t\t\t\t\t\t\t\t<h2 class=\"wprpsp-post-title\">\n\t\t\t\t\t\t<a href=\"https:\/\/fmahaiti.org\/site\/2026\/08\/12\/virtus-invictus-lecole-hoteliere-marie-auxiliatrice-celebre-la-reussite-et-la-resilience-de-sa-promotion-2024-2026\/\" target=\"_self\">\u00ab Virtus Invictus \u00bb : l\u2019\u00c9cole H\u00f4teli\u00e8re Marie Auxiliatrice c\u00e9l\u00e8bre la r\u00e9ussite et la r\u00e9silience de sa promotion 2024-2026<\/a>\n\t\t\t\t\t<\/h2>\n\t\t\t\t\t\t\t\t\t<div class=\"wprpsp-post-date\">\t\t\n\t\t\t\t\t\t\t\t\t\t\t\t\t\t\t\t\t\t12 ao\u00fbt 2026\t\t\t\t\t<\/div>\n\t\t\t\t\n\t\t\t\t\t\t\t\t\t<div class=\"wprpsp-post-content\">\n\t\t\t\t\t\t<div>Depuis son \u00e9tablissement \u00e0 La Saline, en octobre 2012, l\u2019\u00c9cole H\u00f4teli\u00e8re Marie Auxiliatrice (EHMA), \u0153uvre des S\u0153urs Sal\u00e9siennes de Don Bosco, accompagne les jeunes dans leur formation et leur pr\u00e9paration \u00e0 la vie professionnelle. \u00c0 travers l\u2019apprentissage d\u2019un m\u00e9tier, l\u2019\u00e9tablissement s\u2019efforce \u00e9galement de transmettre des valeurs essentielles telles que le respect, la responsabilit\u00e9, l\u2019int\u00e9grit\u00e9 et le sens du service. Au...<\/div>\n\t\t\t\t\t\t\t\t\t\t\t\t\t<a class=\"wprpsp-read-more-btn\" href=\"https:\/\/fmahaiti.org\/site\/2026\/08\/12\/virtus-invictus-lecole-hoteliere-marie-auxiliatrice-celebre-la-reussite-et-la-resilience-de-sa-promotion-2024-2026\/\" target=\"_self\">lire la suite<\/a>\n\t\t\t\t\t\t\t\t\t\t\t<\/div>\n\t\t\t\t\t\t\t<\/div>\n\t\t<\/div>\n\t\t<a class=\"wprpsp-post-link\" href=\"https:\/\/fmahaiti.org\/site\/2026\/08\/12\/virtus-invictus-lecole-hoteliere-marie-auxiliatrice-celebre-la-reussite-et-la-resilience-de-sa-promotion-2024-2026\/\" target=\"_self\"><\/a>\n\t<\/div>\n<\/div>\n<div class=\"wprpsp-post-slides\">\n\t<div class=\"wprpsp-post-overlay\">\n\t\t<div class=\"wprpsp-post-image-wrap wprpsp-post-image-bg\">\n\t\t\t\t\t\t\t<img decoding=\"async\" src=\"https:\/\/i0.wp.com\/fmahaiti.org\/site\/wp-content\/uploads\/2026\/08\/novices2.jpeg?fit=2048%2C1536&#038;ssl=1\" alt=\"Magnificat Anima Mea Dominum\" class=\"wprpsp-post-img\" \/>\n\t\t\t\t\t<\/div>\n\t\t\t\t\t<div class=\"wprpsp-post-cats-wrap\"><ul class=\"post-categories wprpsp-post-categories\"><li><a href=\"https:\/\/fmahaiti.org\/site\/category\/fetes\/\" rel=\"category\" target=\"_self\"> F\u00eates <\/a><\/li><li><a href=\"https:\/\/fmahaiti.org\/site\/category\/formation\/\" rel=\"category\" target=\"_self\"> Formation <\/a><\/li><li><a href=\"https:\/\/fmahaiti.org\/site\/category\/vie-de-la-province\/\" rel=\"category\" target=\"_self\"> Vie de la Province <\/a><\/li><\/ul><\/div>\n\t\t\t\t<div class=\"wprpsp-post-short-cnt\">\n\t\t\t<div class=\"item-meta bottom\">\n\t\t\t\t\t\t\t\t\t<h2 class=\"wprpsp-post-title\">\n\t\t\t\t\t\t<a href=\"https:\/\/fmahaiti.org\/site\/2026\/08\/04\/magnificat-anima-mea-dominum\/\" target=\"_self\">Magnificat Anima Mea Dominum<\/a>\n\t\t\t\t\t<\/h2>\n\t\t\t\t\t\t\t\t\t<div class=\"wprpsp-post-date\">\t\t\n\t\t\t\t\t\t\t\t\t\t\t\t\t\t\t\t\t\t4 ao\u00fbt 2026\t\t\t\t\t<\/div>\n\t\t\t\t\n\t\t\t\t\t\t\t\t\t<div class=\"wprpsp-post-content\">\n\t\t\t\t\t\t<div>Nous rendons gr\u00e2ce au Seigneur par notre Magnificat du dernier jour de notre Retraite d\u00e9but\u00e9e le 27 juillet dernier. Nous reprenons la voix de la Vierge Marie pour dire au Seigneur notre gratitude pour ce temps de gr\u00e2ce anim\u00e9 par le P\u00e8re Gilbert Peltrop et notre Provinciale soeur Altagr\u00e2ce Mathias sous la mouvance de L'Esprit Saint. Nous avons retrouv\u00e9 ce...<\/div>\n\t\t\t\t\t\t\t\t\t\t\t\t\t<a class=\"wprpsp-read-more-btn\" href=\"https:\/\/fmahaiti.org\/site\/2026\/08\/04\/magnificat-anima-mea-dominum\/\" target=\"_self\">lire la suite<\/a>\n\t\t\t\t\t\t\t\t\t\t\t<\/div>\n\t\t\t\t\t\t\t<\/div>\n\t\t<\/div>\n\t\t<a class=\"wprpsp-post-link\" href=\"https:\/\/fmahaiti.org\/site\/2026\/08\/04\/magnificat-anima-mea-dominum\/\" target=\"_self\"><\/a>\n\t<\/div>\n<\/div>\n<div class=\"wprpsp-post-slides\">\n\t<div class=\"wprpsp-post-overlay\">\n\t\t<div class=\"wprpsp-post-image-wrap wprpsp-post-image-bg\">\n\t\t\t\t\t\t\t<img decoding=\"async\" src=\"https:\/\/i0.wp.com\/fmahaiti.org\/site\/wp-content\/uploads\/2026\/07\/1000593763.jpg?fit=1280%2C720&#038;ssl=1\" alt=\"Le Jardin Jean-Paul II des Anse-\u00e0-P\u00eetres, c\u00e9l\u00e8bre avec \u00e9clat la f\u00eate de fin d\u2019ann\u00e9e de la promotion sortante : \u00ab Le Tournesol \u00bb (2023-2026)\" class=\"wprpsp-post-img\" \/>\n\t\t\t\t\t<\/div>\n\t\t\t\t\t<div class=\"wprpsp-post-cats-wrap\"><ul class=\"post-categories wprpsp-post-categories\"><li><a href=\"https:\/\/fmahaiti.org\/site\/category\/activites\/\" rel=\"category\" target=\"_self\"> Activit\u00e9s <\/a><\/li><li><a href=\"https:\/\/fmahaiti.org\/site\/category\/education\/\" rel=\"category\" target=\"_self\"> \u00c9ducation <\/a><\/li><\/ul><\/div>\n\t\t\t\t<div class=\"wprpsp-post-short-cnt\">\n\t\t\t<div class=\"item-meta bottom\">\n\t\t\t\t\t\t\t\t\t<h2 class=\"wprpsp-post-title\">\n\t\t\t\t\t\t<a href=\"https:\/\/fmahaiti.org\/site\/2026\/07\/03\/le-jardin-jean-paul-ii-des-anse-a-pitres-celebre-avec-eclat-la-fete-de-fin-dannee-de-la-promotion-sortante-le-tournesol-2023-2026\/\" target=\"_self\">Le Jardin Jean-Paul II des Anse-\u00e0-P\u00eetres, c\u00e9l\u00e8bre avec \u00e9clat la f\u00eate de fin d\u2019ann\u00e9e de la promotion sortante : \u00ab Le Tournesol \u00bb (2023-2026)<\/a>\n\t\t\t\t\t<\/h2>\n\t\t\t\t\t\t\t\t\t<div class=\"wprpsp-post-date\">\t\t\n\t\t\t\t\t\t\t\t\t\t\t\t\t\t\t\t\t\t3 juillet 2026\t\t\t\t\t<\/div>\n\t\t\t\t\n\t\t\t\t\t\t\t\t\t<div class=\"wprpsp-post-content\">\n\t\t\t\t\t\t<div>L'ann\u00e9e scolaire touche \u00e0 sa fin, laissant derri\u00e8re elle des souvenirs pr\u00e9cieux, des apprentissages enrichissants et des moments inoubliables. C'est dans une ambiance empreinte de joie, d'\u00e9motion et de reconnaissance que les enfants de la maternelle du Jardin Jean-Paul II, dirig\u00e9e par les S\u0153urs Sal\u00e9siennes de Don Bosco des Anses-\u00e0-Pitres, ont c\u00e9l\u00e9br\u00e9 leur f\u00eate de fin d'ann\u00e9e. En ce samedi...<\/div>\n\t\t\t\t\t\t\t\t\t\t\t\t\t<a class=\"wprpsp-read-more-btn\" href=\"https:\/\/fmahaiti.org\/site\/2026\/07\/03\/le-jardin-jean-paul-ii-des-anse-a-pitres-celebre-avec-eclat-la-fete-de-fin-dannee-de-la-promotion-sortante-le-tournesol-2023-2026\/\" target=\"_self\">lire la suite<\/a>\n\t\t\t\t\t\t\t\t\t\t\t<\/div>\n\t\t\t\t\t\t\t<\/div>\n\t\t<\/div>\n\t\t<a class=\"wprpsp-post-link\" href=\"https:\/\/fmahaiti.org\/site\/2026\/07\/03\/le-jardin-jean-paul-ii-des-anse-a-pitres-celebre-avec-eclat-la-fete-de-fin-dannee-de-la-promotion-sortante-le-tournesol-2023-2026\/\" target=\"_self\"><\/a>\n\t<\/div>\n<\/div>\n\t<\/div>\n\n\t\n<div class=\"wprpsp-recent-post-nav-1 wprpsp-recent-post-nav wprpsp-design-20 wprpsp-medium-4 wprpsp-columns\">\n\t\t\t<div class=\"wprpsp-post-nav-loop\">\n\t\t\t\t\t\t\t<img loading=\"lazy\" decoding=\"async\" src=\"https:\/\/i0.wp.com\/fmahaiti.org\/site\/wp-content\/uploads\/2026\/08\/d7b1ac72-a1b9-4e04-b344-1a8e875580ef.jpg?fit=80%2C80&ssl=1\" alt=\"Festivit\u00e9s des 4 et 5 Ao\u00fbt 2026 : C\u00e9r\u00e9monie de v\u00eature\/ 1er V\u0153ux\/ V\u0153ux perp\u00e9tuels &#8211; 25 ans\" height=\"80\" width=\"80\" \/>\n\t\t\t\n\t\t\t<span class=\"wprpsp-block-right-content\">\n\t\t\t\t<span class=\"wprpsp-block-right-title\">Festivit\u00e9s des 4 et 5 Ao\u00fbt...<\/span>\n\t\t\t\t\t\t\t\t<span class=\"wprpsp-post-date\">19 ao\u00fbt 2026<\/span>\n\t\t\t\t\t\t\t<\/span>\n\t\t<\/div>\n\t\t\t<div class=\"wprpsp-post-nav-loop\">\n\t\t\t\t\t\t\t<img loading=\"lazy\" decoding=\"async\" src=\"https:\/\/i0.wp.com\/fmahaiti.org\/site\/wp-content\/uploads\/2026\/08\/9ec95b88-bacb-4c94-b015-89b3278e1e31.jpg?fit=80%2C60&ssl=1\" alt=\"Exercices Spirituels Juillet-Ao\u00fbt 2026 chez les FMA d&rsquo; Ha\u00efti\" height=\"80\" width=\"80\" \/>\n\t\t\t\n\t\t\t<span class=\"wprpsp-block-right-content\">\n\t\t\t\t<span class=\"wprpsp-block-right-title\">Exercices Spirituels Juillet-Ao\u00fbt 2026 chez les...<\/span>\n\t\t\t\t\t\t\t\t<span class=\"wprpsp-post-date\">19 ao\u00fbt 2026<\/span>\n\t\t\t\t\t\t\t<\/span>\n\t\t<\/div>\n\t\t\t<div class=\"wprpsp-post-nav-loop\">\n\t\t\t\t\t\t\t<img loading=\"lazy\" decoding=\"async\" src=\"https:\/\/i0.wp.com\/fmahaiti.org\/site\/wp-content\/uploads\/2026\/08\/ddd4bef0-3813-4a65-948d-38a9b18ba689.jpg?fit=80%2C28&ssl=1\" alt=\"Temps du Deuxi\u00e8me Noviciat &#8211; Juillet 2026\" height=\"80\" width=\"80\" \/>\n\t\t\t\n\t\t\t<span class=\"wprpsp-block-right-content\">\n\t\t\t\t<span class=\"wprpsp-block-right-title\">Temps du Deuxi\u00e8me Noviciat &#8211; Juillet...<\/span>\n\t\t\t\t\t\t\t\t<span class=\"wprpsp-post-date\">18 ao\u00fbt 2026<\/span>\n\t\t\t\t\t\t\t<\/span>\n\t\t<\/div>\n\t\t\t<div class=\"wprpsp-post-nav-loop\">\n\t\t\t\t\t\t\t<img loading=\"lazy\" decoding=\"async\" src=\"https:\/\/i0.wp.com\/fmahaiti.org\/site\/wp-content\/uploads\/2026\/08\/EG7_1487-scaled.jpg?fit=80%2C28&ssl=1\" alt=\"\u00ab Virtus Invictus \u00bb : l\u2019\u00c9cole H\u00f4teli\u00e8re Marie Auxiliatrice c\u00e9l\u00e8bre la r\u00e9ussite et la r\u00e9silience de sa promotion 2024-2026\" height=\"80\" width=\"80\" \/>\n\t\t\t\n\t\t\t<span class=\"wprpsp-block-right-content\">\n\t\t\t\t<span class=\"wprpsp-block-right-title\">\u00ab Virtus Invictus \u00bb : l\u2019\u00c9cole...<\/span>\n\t\t\t\t\t\t\t\t<span class=\"wprpsp-post-date\">12 ao\u00fbt 2026<\/span>\n\t\t\t\t\t\t\t<\/span>\n\t\t<\/div>\n\t\t\t<div class=\"wprpsp-post-nav-loop\">\n\t\t\t\t\t\t\t<img loading=\"lazy\" decoding=\"async\" src=\"https:\/\/i0.wp.com\/fmahaiti.org\/site\/wp-content\/uploads\/2026\/08\/20260802_110058-scaled.jpg?fit=80%2C68&ssl=1\" alt=\"Une nouvelle g\u00e9n\u00e9ration de professionnels pr\u00eats \u00e0 servir la soci\u00e9t\u00e9!\" height=\"80\" width=\"80\" \/>\n\t\t\t\n\t\t\t<span class=\"wprpsp-block-right-content\">\n\t\t\t\t<span class=\"wprpsp-block-right-title\">Une nouvelle g\u00e9n\u00e9ration de professionnels pr\u00eats...<\/span>\n\t\t\t\t\t\t\t\t<span class=\"wprpsp-post-date\">12 ao\u00fbt 2026<\/span>\n\t\t\t\t\t\t\t<\/span>\n\t\t<\/div>\n\t\t\t<div class=\"wprpsp-post-nav-loop\">\n\t\t\t\t\t\t\t<img loading=\"lazy\" decoding=\"async\" src=\"https:\/\/i0.wp.com\/fmahaiti.org\/site\/wp-content\/uploads\/2026\/08\/thumbnail.jpg?fit=80%2C40&ssl=1\" alt=\"La Communaut\u00e9 Jean-Paul II c\u00e9l\u00e8bre avec \u00e9clat la graduation des jeunes du Centre Professionnel Jean-Paul II et de l&rsquo;Institut P\u00e9dagogique des S\u0153urs Sal\u00e9siennes Anse-\u00e0-Pitres (IPSA)\" height=\"80\" width=\"80\" \/>\n\t\t\t\n\t\t\t<span class=\"wprpsp-block-right-content\">\n\t\t\t\t<span class=\"wprpsp-block-right-title\">La Communaut\u00e9 Jean-Paul II c\u00e9l\u00e8bre avec...<\/span>\n\t\t\t\t\t\t\t\t<span class=\"wprpsp-post-date\">12 ao\u00fbt 2026<\/span>\n\t\t\t\t\t\t\t<\/span>\n\t\t<\/div>\n\t\t\t<div class=\"wprpsp-post-nav-loop\">\n\t\t\t\t\t\t\t<img loading=\"lazy\" decoding=\"async\" src=\"https:\/\/i0.wp.com\/fmahaiti.org\/site\/wp-content\/uploads\/2026\/08\/thumbnail.png?fit=80%2C45&ssl=1\" alt=\"La promotion \u00ab \u00c9lite \u00bb : une graduation sous le signe de la pers\u00e9v\u00e9rance et de l&rsquo;Esp\u00e9rance\" height=\"80\" width=\"80\" \/>\n\t\t\t\n\t\t\t<span class=\"wprpsp-block-right-content\">\n\t\t\t\t<span class=\"wprpsp-block-right-title\">La promotion \u00ab \u00c9lite \u00bb :...<\/span>\n\t\t\t\t\t\t\t\t<span class=\"wprpsp-post-date\">12 ao\u00fbt 2026<\/span>\n\t\t\t\t\t\t\t<\/span>\n\t\t<\/div>\n\t\t\t<div class=\"wprpsp-post-nav-loop\">\n\t\t\t\t\t\t\t<img loading=\"lazy\" decoding=\"async\" src=\"https:\/\/i0.wp.com\/fmahaiti.org\/site\/wp-content\/uploads\/2026\/08\/EG7_1406-scaled.jpg?fit=80%2C53&ssl=1\" alt=\"\u00ab Virtus Invictus \u00bb : l\u2019\u00c9cole H\u00f4teli\u00e8re Marie Auxiliatrice c\u00e9l\u00e8bre la r\u00e9ussite et la r\u00e9silience de sa promotion 2024-2026\" height=\"80\" width=\"80\" \/>\n\t\t\t\n\t\t\t<span class=\"wprpsp-block-right-content\">\n\t\t\t\t<span class=\"wprpsp-block-right-title\">\u00ab Virtus Invictus \u00bb : l\u2019\u00c9cole...<\/span>\n\t\t\t\t\t\t\t\t<span class=\"wprpsp-post-date\">12 ao\u00fbt 2026<\/span>\n\t\t\t\t\t\t\t<\/span>\n\t\t<\/div>\n\t\t\t<div class=\"wprpsp-post-nav-loop\">\n\t\t\t\t\t\t\t<img loading=\"lazy\" decoding=\"async\" src=\"https:\/\/i0.wp.com\/fmahaiti.org\/site\/wp-content\/uploads\/2026\/08\/novices2.jpeg?fit=80%2C60&ssl=1\" alt=\"Magnificat Anima Mea Dominum\" height=\"80\" width=\"80\" \/>\n\t\t\t\n\t\t\t<span class=\"wprpsp-block-right-content\">\n\t\t\t\t<span class=\"wprpsp-block-right-title\">Magnificat Anima Mea Dominum<\/span>\n\t\t\t\t\t\t\t\t<span class=\"wprpsp-post-date\">4 ao\u00fbt 2026<\/span>\n\t\t\t\t\t\t\t<\/span>\n\t\t<\/div>\n\t\t\t<div class=\"wprpsp-post-nav-loop\">\n\t\t\t\t\t\t\t<img loading=\"lazy\" decoding=\"async\" src=\"https:\/\/i0.wp.com\/fmahaiti.org\/site\/wp-content\/uploads\/2026\/07\/1000593763.jpg?fit=80%2C45&ssl=1\" alt=\"Le Jardin Jean-Paul II des Anse-\u00e0-P\u00eetres, c\u00e9l\u00e8bre avec \u00e9clat la f\u00eate de fin d\u2019ann\u00e9e de la promotion sortante : \u00ab Le Tournesol \u00bb (2023-2026)\" height=\"80\" width=\"80\" \/>\n\t\t\t\n\t\t\t<span class=\"wprpsp-block-right-content\">\n\t\t\t\t<span class=\"wprpsp-block-right-title\">Le Jardin Jean-Paul II des Anse-\u00e0-P\u00eetres,...<\/span>\n\t\t\t\t\t\t\t\t<span class=\"wprpsp-post-date\">3 juillet 2026<\/span>\n\t\t\t\t\t\t\t<\/span>\n\t\t<\/div>\n\t<\/div><\/div>\n<\/div>\n<p>&nbsp;<\/p>\n<h1 class=\"entry-title entry--item h2\" style=\"text-align: center;\">Magnificat Anima Mea Dominum!<\/h1>\n<p style=\"text-align: center;\">Suivez directement la c\u00e9l\u00e9bration des Voeux Temporaires des Filles de Marie Auxiliatrice (FMA &#8211; HA\u00cfTI)<\/p>\n<p><span class=\"embed-youtube\" style=\"text-align:center; display: block;\"><iframe loading=\"lazy\" class=\"youtube-player\" width=\"843\" height=\"475\" src=\"https:\/\/www.youtube.com\/embed\/5OwWHbgGEy4?version=3&#038;rel=1&#038;showsearch=0&#038;showinfo=1&#038;iv_load_policy=1&#038;fs=1&#038;hl=fr-FR&#038;autohide=2&#038;wmode=transparent\" allowfullscreen=\"true\" style=\"border:0;\" sandbox=\"allow-scripts allow-same-origin allow-popups allow-presentation allow-popups-to-escape-sandbox\"><\/iframe><\/span><\/p>\n<p style=\"text-align: center;\">Cliquer sur l&rsquo;image pour suivre les informations en d\u00e9tails<\/p>\n<p><a href=\"https:\/\/fmahaiti.org\/site\/2026\/08\/04\/magnificat-anima-mea-dominum\/\"><img data-recalc-dims=\"1\" loading=\"lazy\" decoding=\"async\" class=\"aligncenter wp-image-15832 size-full\" src=\"https:\/\/i0.wp.com\/fmahaiti.org\/site\/wp-content\/uploads\/2026\/08\/5-aout-FMA-Haiti.jpg?resize=720%2C432&#038;ssl=1\" alt=\"\" width=\"720\" height=\"432\" srcset=\"https:\/\/i0.wp.com\/fmahaiti.org\/site\/wp-content\/uploads\/2026\/08\/5-aout-FMA-Haiti.jpg?w=720&amp;ssl=1 720w, https:\/\/i0.wp.com\/fmahaiti.org\/site\/wp-content\/uploads\/2026\/08\/5-aout-FMA-Haiti.jpg?resize=300%2C180&amp;ssl=1 300w\" sizes=\"auto, (max-width: 720px) 100vw, 720px\" \/><\/a><\/p>\n<p style=\"text-align: center;\">Clicquer sur l&rsquo;image pour acceder aux informations ou pour \u00e9crire un message<\/p>\n<p><a href=\"https:\/\/fma-cfp.com\/\"><img data-recalc-dims=\"1\" loading=\"lazy\" decoding=\"async\" class=\"aligncenter wp-image-15138 size-full\" src=\"https:\/\/i0.wp.com\/fmahaiti.org\/site\/wp-content\/uploads\/2026\/05\/logo-reseau.png?resize=500%2C500&#038;ssl=1\" alt=\"\" width=\"500\" height=\"500\" srcset=\"https:\/\/i0.wp.com\/fmahaiti.org\/site\/wp-content\/uploads\/2026\/05\/logo-reseau.png?w=500&amp;ssl=1 500w, https:\/\/i0.wp.com\/fmahaiti.org\/site\/wp-content\/uploads\/2026\/05\/logo-reseau.png?resize=300%2C300&amp;ssl=1 300w, https:\/\/i0.wp.com\/fmahaiti.org\/site\/wp-content\/uploads\/2026\/05\/logo-reseau.png?resize=150%2C150&amp;ssl=1 150w\" sizes=\"auto, (max-width: 500px) 100vw, 500px\" \/><\/a><\/p>\n<p style=\"text-align: center;\">Cliquer sur le logo pour acceder au site du R\u00e9seau des Ecoles des FMA d&rsquo;Haiti<\/p>\n<p>&nbsp;<\/p>\n<div class=\"shadow-box\">\n<table>\n<tbody>\n<tr>\n<td style=\"text-align: center;\"><a href=\"https:\/\/fmahaiti.org\/site\/category\/ecologie\/\"><img data-recalc-dims=\"1\" loading=\"lazy\" decoding=\"async\" class=\"alignnone wp-image-3395\" title=\"page en cours de construction\" src=\"https:\/\/i0.wp.com\/fmahaiti.org\/site\/wp-content\/uploads\/2022\/05\/Ecologia-scaled-1.jpg?resize=172%2C172&#038;ssl=1\" alt=\"\" width=\"172\" height=\"172\" srcset=\"https:\/\/i0.wp.com\/fmahaiti.org\/site\/wp-content\/uploads\/2022\/05\/Ecologia-scaled-1.jpg?resize=300%2C300&amp;ssl=1 300w, https:\/\/i0.wp.com\/fmahaiti.org\/site\/wp-content\/uploads\/2022\/05\/Ecologia-scaled-1.jpg?resize=1024%2C1024&amp;ssl=1 1024w, https:\/\/i0.wp.com\/fmahaiti.org\/site\/wp-content\/uploads\/2022\/05\/Ecologia-scaled-1.jpg?resize=150%2C150&amp;ssl=1 150w, https:\/\/i0.wp.com\/fmahaiti.org\/site\/wp-content\/uploads\/2022\/05\/Ecologia-scaled-1.jpg?resize=768%2C768&amp;ssl=1 768w, https:\/\/i0.wp.com\/fmahaiti.org\/site\/wp-content\/uploads\/2022\/05\/Ecologia-scaled-1.jpg?resize=1536%2C1536&amp;ssl=1 1536w, https:\/\/i0.wp.com\/fmahaiti.org\/site\/wp-content\/uploads\/2022\/05\/Ecologia-scaled-1.jpg?resize=2048%2C2048&amp;ssl=1 2048w, https:\/\/i0.wp.com\/fmahaiti.org\/site\/wp-content\/uploads\/2022\/05\/Ecologia-scaled-1.jpg?w=1686&amp;ssl=1 1686w, https:\/\/i0.wp.com\/fmahaiti.org\/site\/wp-content\/uploads\/2022\/05\/Ecologia-scaled-1.jpg?w=2529&amp;ssl=1 2529w\" sizes=\"auto, (max-width: 172px) 100vw, 172px\" \/><\/a><\/p>\n<p><a href=\"https:\/\/fmahaiti.org\/site\/category\/ecologie\/\"><strong>Ecologie<\/strong><\/a><\/td>\n<td style=\"text-align: center;\"><a href=\"https:\/\/fmahaiti.org\/site\/category\/celebration-150-ans-fma\/\"><img data-recalc-dims=\"1\" loading=\"lazy\" decoding=\"async\" class=\"alignnone wp-image-3400 \" src=\"https:\/\/i0.wp.com\/fmahaiti.org\/site\/wp-content\/uploads\/2022\/05\/logo2.gif?resize=172%2C172&#038;ssl=1\" alt=\"\" width=\"172\" height=\"172\" \/><\/a><\/p>\n<p><a href=\"https:\/\/fmahaiti.org\/site\/category\/celebration-150-ans-fma\/\"><strong>150 ans FMA<\/strong><\/a><\/td>\n<td>\n<p style=\"text-align: center;\"><a href=\"https:\/\/fmahaiti.org\/site\/category\/parole-de-dieu\/\"><img data-recalc-dims=\"1\" loading=\"lazy\" decoding=\"async\" class=\"alignnone wp-image-3399 size-full\" title=\"Articles sur et pour les jeunes\" src=\"https:\/\/i0.wp.com\/fmahaiti.org\/site\/wp-content\/uploads\/2022\/05\/bible.gif?resize=174%2C172&#038;ssl=1\" alt=\"\" width=\"174\" height=\"172\" \/><\/a><\/p>\n<p style=\"text-align: center;\"><strong><span style=\"font-family: inherit; font-size: inherit;\">Liturgie et<br \/>\nParole de Dieu<\/span><\/strong><\/p>\n<\/td>\n<td>\n<p style=\"text-align: center;\"><a href=\"https:\/\/fmahaiti.org\/site\/category\/salesianite\/\"><img data-recalc-dims=\"1\" loading=\"lazy\" decoding=\"async\" class=\"alignnone wp-image-3402 size-full\" title=\"Espace r\u00e9serv\u00e9es aux FMA et autres personnes d\u00fbment autoris\u00e9es\" src=\"https:\/\/i0.wp.com\/fmahaiti.org\/site\/wp-content\/uploads\/2022\/05\/dB-MM.jpg?resize=172%2C172&#038;ssl=1\" alt=\"\" width=\"172\" height=\"172\" srcset=\"https:\/\/i0.wp.com\/fmahaiti.org\/site\/wp-content\/uploads\/2022\/05\/dB-MM.jpg?w=172&amp;ssl=1 172w, https:\/\/i0.wp.com\/fmahaiti.org\/site\/wp-content\/uploads\/2022\/05\/dB-MM.jpg?resize=150%2C150&amp;ssl=1 150w\" sizes=\"auto, (max-width: 172px) 100vw, 172px\" \/><\/a><\/p>\n<p style=\"text-align: center;\"><strong><span style=\"font-family: inherit; font-size: inherit;\">Salesianit\u00e9<\/span><\/strong><\/p>\n<\/td>\n<\/tr>\n<\/tbody>\n<\/table>\n<table class=\" aligncenter\" style=\"height: 331px;\" width=\"689\">\n<tbody>\n<tr>\n<td style=\"text-align: center;\"><a href=\"https:\/\/fmahaiti.org\/site\/category\/jubile-2025\/\"><img data-recalc-dims=\"1\" loading=\"lazy\" decoding=\"async\" class=\"alignnone wp-image-10916\" src=\"https:\/\/i0.wp.com\/fmahaiti.org\/site\/wp-content\/uploads\/2024\/12\/logo-jubile25.jpg?resize=222%2C172&#038;ssl=1\" alt=\"\" width=\"222\" height=\"172\" srcset=\"https:\/\/i0.wp.com\/fmahaiti.org\/site\/wp-content\/uploads\/2024\/12\/logo-jubile25.jpg?resize=300%2C232&amp;ssl=1 300w, https:\/\/i0.wp.com\/fmahaiti.org\/site\/wp-content\/uploads\/2024\/12\/logo-jubile25.jpg?resize=768%2C594&amp;ssl=1 768w, https:\/\/i0.wp.com\/fmahaiti.org\/site\/wp-content\/uploads\/2024\/12\/logo-jubile25.jpg?w=823&amp;ssl=1 823w\" sizes=\"auto, (max-width: 222px) 100vw, 222px\" \/><\/a><br \/>\n<strong>Jubil\u00e9 2025<\/strong><\/td>\n<td style=\"text-align: center;\"><strong><a href=\"https:\/\/fmahaiti.org\/site\/category\/vie-de-linstitut\/\"><img data-recalc-dims=\"1\" loading=\"lazy\" decoding=\"async\" class=\"aligncenter wp-image-2972\" src=\"https:\/\/i0.wp.com\/fmahaiti.org\/site\/wp-content\/uploads\/2022\/01\/cana-chapitre.gif?resize=172%2C172&#038;ssl=1\" alt=\"\" width=\"172\" height=\"172\" srcset=\"https:\/\/i0.wp.com\/fmahaiti.org\/site\/wp-content\/uploads\/2022\/01\/cana-chapitre.gif?resize=300%2C300&amp;ssl=1 300w, https:\/\/i0.wp.com\/fmahaiti.org\/site\/wp-content\/uploads\/2022\/01\/cana-chapitre.gif?resize=150%2C150&amp;ssl=1 150w\" sizes=\"auto, (max-width: 172px) 100vw, 172px\" \/><\/a><\/strong><\/p>\n<p><strong>Vie de l&rsquo;Institut<\/strong><\/td>\n<td style=\"text-align: center;\"><a href=\"https:\/\/fmahaiti.org\/site\/category\/noel\/\"><img data-recalc-dims=\"1\" loading=\"lazy\" decoding=\"async\" class=\"alignnone wp-image-2973\" src=\"https:\/\/i0.wp.com\/fmahaiti.org\/site\/wp-content\/uploads\/2022\/01\/voeux-de-nouvel-an.gif?resize=159%2C159&#038;ssl=1\" alt=\"\" width=\"159\" height=\"159\" srcset=\"https:\/\/i0.wp.com\/fmahaiti.org\/site\/wp-content\/uploads\/2022\/01\/voeux-de-nouvel-an.gif?resize=300%2C300&amp;ssl=1 300w, https:\/\/i0.wp.com\/fmahaiti.org\/site\/wp-content\/uploads\/2022\/01\/voeux-de-nouvel-an.gif?resize=150%2C150&amp;ssl=1 150w\" sizes=\"auto, (max-width: 159px) 100vw, 159px\" \/><\/a><\/p>\n<p><strong>Esp\u00e9rance d&rsquo;une\u00a0 nouvelle Ann\u00e9e meilleure<\/strong><\/td>\n<td style=\"text-align: center;\"><a href=\"https:\/\/fmahaiti.org\/site\/category\/synode-2021-2024\/\"><img data-recalc-dims=\"1\" loading=\"lazy\" decoding=\"async\" class=\"aligncenter wp-image-10901\" style=\"font-family: inherit; font-size: inherit;\" src=\"https:\/\/i0.wp.com\/fmahaiti.org\/site\/wp-content\/uploads\/2024\/12\/logosinodo.jpg?resize=172%2C156&#038;ssl=1\" alt=\"\" width=\"172\" height=\"156\" srcset=\"https:\/\/i0.wp.com\/fmahaiti.org\/site\/wp-content\/uploads\/2024\/12\/logosinodo.jpg?resize=300%2C272&amp;ssl=1 300w, https:\/\/i0.wp.com\/fmahaiti.org\/site\/wp-content\/uploads\/2024\/12\/logosinodo.jpg?w=305&amp;ssl=1 305w\" sizes=\"auto, (max-width: 172px) 100vw, 172px\" \/><\/a><\/p>\n<p><strong>Synode<\/strong><strong style=\"font-family: inherit; font-size: inherit;\">\u00a02021-2024<\/strong><\/td>\n<\/tr>\n<\/tbody>\n<\/table>\n<table>\n<tbody>\n<tr>\n<td style=\"text-align: center;\"><a href=\"\/site\/category\/education\/\"><img data-recalc-dims=\"1\" loading=\"lazy\" decoding=\"async\" class=\"aligncenter wp-image-686\" title=\"page en cours de construction\" src=\"https:\/\/i0.wp.com\/fmahaiti.org\/site\/wp-content\/uploads\/2021\/03\/circle-cropped-6.png?resize=172%2C172&#038;ssl=1\" alt=\"\" width=\"172\" height=\"172\" srcset=\"https:\/\/i0.wp.com\/fmahaiti.org\/site\/wp-content\/uploads\/2021\/03\/circle-cropped-6.png?w=159&amp;ssl=1 159w, https:\/\/i0.wp.com\/fmahaiti.org\/site\/wp-content\/uploads\/2021\/03\/circle-cropped-6.png?resize=150%2C150&amp;ssl=1 150w\" sizes=\"auto, (max-width: 172px) 100vw, 172px\" \/><\/a><strong>Education<\/strong><\/td>\n<td style=\"text-align: center;\"><a href=\"https:\/\/fmahaiti.org\/site\/blog\/multimedia-video\/\"><img data-recalc-dims=\"1\" loading=\"lazy\" decoding=\"async\" class=\"aligncenter wp-image-688\" title=\"Albums, Fichiers Audio et Vid\u00e9os\" src=\"https:\/\/i0.wp.com\/fmahaiti.org\/site\/wp-content\/uploads\/2021\/03\/circle-cropped-7.png?resize=172%2C172&#038;ssl=1\" alt=\"\" width=\"172\" height=\"172\" srcset=\"https:\/\/i0.wp.com\/fmahaiti.org\/site\/wp-content\/uploads\/2021\/03\/circle-cropped-7.png?w=169&amp;ssl=1 169w, https:\/\/i0.wp.com\/fmahaiti.org\/site\/wp-content\/uploads\/2021\/03\/circle-cropped-7.png?resize=150%2C150&amp;ssl=1 150w\" sizes=\"auto, (max-width: 172px) 100vw, 172px\" \/><strong>Multimedia<\/strong><\/a><\/td>\n<td>\n<p style=\"text-align: center;\"><a href=\"https:\/\/fmahaiti.org\/site\/category\/jeunes\/\"><strong><span style=\"font-family: inherit; font-size: inherit;\"><img data-recalc-dims=\"1\" loading=\"lazy\" decoding=\"async\" class=\"size-full wp-image-5314 aligncenter\" src=\"https:\/\/i0.wp.com\/fmahaiti.org\/site\/wp-content\/uploads\/2023\/06\/jeunes.png?resize=172%2C172&#038;ssl=1\" alt=\"\" width=\"172\" height=\"172\" srcset=\"https:\/\/i0.wp.com\/fmahaiti.org\/site\/wp-content\/uploads\/2023\/06\/jeunes.png?w=172&amp;ssl=1 172w, https:\/\/i0.wp.com\/fmahaiti.org\/site\/wp-content\/uploads\/2023\/06\/jeunes.png?resize=150%2C150&amp;ssl=1 150w\" sizes=\"auto, (max-width: 172px) 100vw, 172px\" \/><\/span><\/strong><\/a><a href=\"https:\/\/fmahaiti.org\/site\/category\/jeunes\/\"><strong><span style=\"font-family: inherit; font-size: inherit;\">Espace des jeunes<\/span><\/strong><\/a><\/p>\n<\/td>\n<td>\n<p style=\"text-align: center;\"><a href=\"\/site\/login\"><img data-recalc-dims=\"1\" loading=\"lazy\" decoding=\"async\" class=\"aligncenter wp-image-282\" title=\"Espace r\u00e9serv\u00e9es aux FMA et autres personnes d\u00fbment autoris\u00e9es\" src=\"https:\/\/i0.wp.com\/fmahaiti.org\/site\/wp-content\/uploads\/2021\/03\/fma_icone.png?resize=172%2C172&#038;ssl=1\" alt=\"\" width=\"172\" height=\"172\" srcset=\"https:\/\/i0.wp.com\/fmahaiti.org\/site\/wp-content\/uploads\/2021\/03\/fma_icone.png?w=200&amp;ssl=1 200w, https:\/\/i0.wp.com\/fmahaiti.org\/site\/wp-content\/uploads\/2021\/03\/fma_icone.png?resize=150%2C150&amp;ssl=1 150w\" sizes=\"auto, (max-width: 172px) 100vw, 172px\" \/><\/a><a href=\"\/site\/login\"><strong><span style=\"font-family: inherit; font-size: inherit;\">Zone priv\u00e9e<\/span><\/strong><\/a><\/p>\n<\/td>\n<\/tr>\n<\/tbody>\n<\/table>\n<p><img data-recalc-dims=\"1\" loading=\"lazy\" decoding=\"async\" class=\"size-full wp-image-839 aligncenter\" style=\"padding-top: 30px;\" src=\"https:\/\/i0.wp.com\/fmahaiti.org\/site\/wp-content\/uploads\/2021\/03\/blue-lines.png?resize=843%2C78&#038;ssl=1\" alt=\"\" width=\"843\" height=\"78\" srcset=\"https:\/\/i0.wp.com\/fmahaiti.org\/site\/wp-content\/uploads\/2021\/03\/blue-lines.png?w=927&amp;ssl=1 927w, https:\/\/i0.wp.com\/fmahaiti.org\/site\/wp-content\/uploads\/2021\/03\/blue-lines.png?resize=300%2C28&amp;ssl=1 300w, https:\/\/i0.wp.com\/fmahaiti.org\/site\/wp-content\/uploads\/2021\/03\/blue-lines.png?resize=768%2C71&amp;ssl=1 768w\" sizes=\"auto, (max-width: 843px) 100vw, 843px\" \/><\/p>\n<p><a href=\"https:\/\/fmahaiti.org\/site\/education\/pacte-educatif-global\/\"><img data-recalc-dims=\"1\" loading=\"lazy\" decoding=\"async\" class=\"wp-image-1967 aligncenter\" src=\"https:\/\/i0.wp.com\/fmahaiti.org\/site\/wp-content\/uploads\/2021\/08\/logocombine.jpg?resize=745%2C233&#038;ssl=1\" alt=\"\" width=\"745\" height=\"233\" srcset=\"https:\/\/i0.wp.com\/fmahaiti.org\/site\/wp-content\/uploads\/2021\/08\/logocombine.jpg?w=2332&amp;ssl=1 2332w, https:\/\/i0.wp.com\/fmahaiti.org\/site\/wp-content\/uploads\/2021\/08\/logocombine.jpg?resize=300%2C94&amp;ssl=1 300w, https:\/\/i0.wp.com\/fmahaiti.org\/site\/wp-content\/uploads\/2021\/08\/logocombine.jpg?resize=1024%2C320&amp;ssl=1 1024w, https:\/\/i0.wp.com\/fmahaiti.org\/site\/wp-content\/uploads\/2021\/08\/logocombine.jpg?resize=768%2C240&amp;ssl=1 768w, https:\/\/i0.wp.com\/fmahaiti.org\/site\/wp-content\/uploads\/2021\/08\/logocombine.jpg?resize=1536%2C480&amp;ssl=1 1536w, https:\/\/i0.wp.com\/fmahaiti.org\/site\/wp-content\/uploads\/2021\/08\/logocombine.jpg?resize=2048%2C640&amp;ssl=1 2048w, https:\/\/i0.wp.com\/fmahaiti.org\/site\/wp-content\/uploads\/2021\/08\/logocombine.jpg?w=1686&amp;ssl=1 1686w\" sizes=\"auto, (max-width: 745px) 100vw, 745px\" \/><\/a><\/p>\n<h3 class=\"excerpt-title\">\ud83c\udf87 Nos \u0153uvres en chiffres<\/h3>\n<div class=\"column-A\"><img data-recalc-dims=\"1\" loading=\"lazy\" decoding=\"async\" width=\"843\" height=\"562\" class=\"alignnone size-full wp-image-1595\" src=\"https:\/\/i0.wp.com\/fmahaiti.org\/site\/wp-content\/uploads\/2021\/05\/oeuvres-1.jpg?resize=843%2C562&#038;ssl=1\" alt=\"\" srcset=\"https:\/\/i0.wp.com\/fmahaiti.org\/site\/wp-content\/uploads\/2021\/05\/oeuvres-1.jpg?w=1024&amp;ssl=1 1024w, https:\/\/i0.wp.com\/fmahaiti.org\/site\/wp-content\/uploads\/2021\/05\/oeuvres-1.jpg?resize=300%2C200&amp;ssl=1 300w, https:\/\/i0.wp.com\/fmahaiti.org\/site\/wp-content\/uploads\/2021\/05\/oeuvres-1.jpg?resize=768%2C512&amp;ssl=1 768w\" sizes=\"auto, (max-width: 843px) 100vw, 843px\" \/><img data-recalc-dims=\"1\" loading=\"lazy\" decoding=\"async\" width=\"843\" height=\"293\" class=\"alignnone size-full wp-image-1596\" src=\"https:\/\/i0.wp.com\/fmahaiti.org\/site\/wp-content\/uploads\/2021\/05\/hotelere.jpeg?resize=843%2C293&#038;ssl=1\" alt=\"\" srcset=\"https:\/\/i0.wp.com\/fmahaiti.org\/site\/wp-content\/uploads\/2021\/05\/hotelere.jpeg?w=1152&amp;ssl=1 1152w, https:\/\/i0.wp.com\/fmahaiti.org\/site\/wp-content\/uploads\/2021\/05\/hotelere.jpeg?resize=300%2C104&amp;ssl=1 300w, https:\/\/i0.wp.com\/fmahaiti.org\/site\/wp-content\/uploads\/2021\/05\/hotelere.jpeg?resize=1024%2C356&amp;ssl=1 1024w, https:\/\/i0.wp.com\/fmahaiti.org\/site\/wp-content\/uploads\/2021\/05\/hotelere.jpeg?resize=768%2C267&amp;ssl=1 768w\" sizes=\"auto, (max-width: 843px) 100vw, 843px\" \/><\/div>\n<div class=\"column-B widget-text\" style=\"padding-left: 20px;\">\n<ul>\n<li>12 Pr\u00e9scolaires<\/li>\n<li>15 \u00c9coles primaires : Cycle fondamental complet<\/li>\n<li>6 \u00c9coles secondaires atteignant la classe terminale<\/li>\n<li>Une \u00c9cole Normale \u00e0 double vacation<\/li>\n<li>4 \u00c9coles H\u00f4teli\u00e8res<\/li>\n<li>7 \u00c9coles professionnelles de premier niveau<\/li>\n<li>9 Centres des Jeunes \u00e0 caract\u00e8re professionnel<\/li>\n<li>10 Internats ou foyers<\/li>\n<li>13 Patronages pour les enfants et adolescents<\/li>\n<li>3 Groupes d\u2019alphab\u00e9tisation des Adultes<\/li>\n<li>20 groupes juv\u00e9niles et Associations<\/li>\n<li>Mouvement sal\u00e9sien des Jeunes en collaboration avec les SDB<\/li>\n<li>Cat\u00e9ch\u00e8se et Animation paroissiale<\/li>\n<li>Dispensaire dans toutes les \u00e9coles et 1 dispensaire ouvert au public<\/li>\n<li>Collaboration et accompagnement des groupes de la Famille Sal\u00e9sienne sp\u00e9cialement les Anciennes et Anciens \u00c9l\u00e8ves et les Sal\u00e9siens Coop\u00e9rateurs.<\/li>\n<li>22676\u00a0 enfants ou jeunes<\/li>\n<li>\u00a0885 enseignants et 243 collaborateurs la\u00efcs<\/li>\n<\/ul>\n<\/div>\n<p>&nbsp;<\/p>\n<p><img data-recalc-dims=\"1\" loading=\"lazy\" decoding=\"async\" class=\"size-full wp-image-839 aligncenter\" style=\"padding-top: 30px;\" src=\"https:\/\/i0.wp.com\/fmahaiti.org\/site\/wp-content\/uploads\/2021\/03\/blue-lines.png?resize=843%2C78&#038;ssl=1\" alt=\"\" width=\"843\" height=\"78\" srcset=\"https:\/\/i0.wp.com\/fmahaiti.org\/site\/wp-content\/uploads\/2021\/03\/blue-lines.png?w=927&amp;ssl=1 927w, https:\/\/i0.wp.com\/fmahaiti.org\/site\/wp-content\/uploads\/2021\/03\/blue-lines.png?resize=300%2C28&amp;ssl=1 300w, https:\/\/i0.wp.com\/fmahaiti.org\/site\/wp-content\/uploads\/2021\/03\/blue-lines.png?resize=768%2C71&amp;ssl=1 768w\" sizes=\"auto, (max-width: 843px) 100vw, 843px\" \/><\/p>\n<h3 class=\"excerpt-title\">\ud83d\udcda <a title=\"Texte publi\u00e9 r\u00e9cemment\" href=\"\/site\/2021\/03\/30\/promouvoir-la-formation-des-enseignants-pour-une-education-de-qualite\/\">Promouvoir la Formation des enseignants pour une \u00e9ducation de qualit\u00e9<\/a><\/h3>\n<div style=\"float: left; width: 50%;\"><img data-recalc-dims=\"1\" decoding=\"async\" class=\"alignleft\" src=\"https:\/\/i0.wp.com\/fmahaiti.org\/site\/wp-content\/uploads\/2021\/03\/IMG-20210323-WA0038.jpg?w=500&#038;ssl=1\" alt=\"\"  \/><\/div>\n<div style=\"float: right; width: 50%;\"><img data-recalc-dims=\"1\" loading=\"lazy\" decoding=\"async\" class=\"alignright\" src=\"https:\/\/i0.wp.com\/fmahaiti.org\/site\/wp-content\/uploads\/2021\/03\/IMG-20210323-WA0040.jpg?resize=500%2C374&#038;ssl=1\" alt=\"\" width=\"500\" height=\"374\" \/><\/div>\n<p>&nbsp;<\/p>\n<p style=\"text-align: justify; color: #000; font-size: 14pt;\">Pour promouvoir la formation des enseignants, le Bureau P\u00e9dagogique et de d\u00e9veloppement du r\u00e9seau des \u00e9coles des S\u0153urs Sal\u00e9siennes par le biais de sa directrice, la R\u00e9v\u00e9rende S\u0153ur Pierre Myrl\u00e8ne FELIX, a recouru aux services des \u00c9ditions JPL, dans le but d&rsquo;offrir des s\u00e9ances de formation personnalis\u00e9es aux enseignants de sciences exp\u00e9rimentales du troisi\u00e8me cycle fondamental et de Sciences de la Vie et de la Terre du Secondaire r\u00e9nov\u00e9&#8230;<\/p>\n<div class=\"read-more\"><a href=\"\/site\/2021\/03\/30\/promouvoir-la-formation-des-enseignants-pour-une-education-de-qualite\/\"><strong>&#8230; Lire le texte<\/strong><\/a><\/div>\n<p><img data-recalc-dims=\"1\" loading=\"lazy\" decoding=\"async\" class=\"size-full wp-image-839 aligncenter\" style=\"padding-top: 30px;\" src=\"https:\/\/i0.wp.com\/fmahaiti.org\/site\/wp-content\/uploads\/2021\/03\/blue-lines.png?resize=843%2C78&#038;ssl=1\" alt=\"\" width=\"843\" height=\"78\" srcset=\"https:\/\/i0.wp.com\/fmahaiti.org\/site\/wp-content\/uploads\/2021\/03\/blue-lines.png?w=927&amp;ssl=1 927w, https:\/\/i0.wp.com\/fmahaiti.org\/site\/wp-content\/uploads\/2021\/03\/blue-lines.png?resize=300%2C28&amp;ssl=1 300w, https:\/\/i0.wp.com\/fmahaiti.org\/site\/wp-content\/uploads\/2021\/03\/blue-lines.png?resize=768%2C71&amp;ssl=1 768w\" sizes=\"auto, (max-width: 843px) 100vw, 843px\" \/><\/p>\n<h3 class=\"excerpt-title\">\ud83c\udf87 P\u00e2ques des jeunes en Haiti&#8230;<\/h3>\n<div class=\"column-A\" style=\"text-align: center;\"><img decoding=\"async\" class=\"alignleft\" src=\"https:\/\/i1.wp.com\/fmahaiti.org\/site\/wp-content\/uploads\/2021\/04\/pajeunes-3-1.jpeg?w=1008&amp;ssl=1\" alt=\"\" \/><\/div>\n<div class=\"column-B\" style=\"text-align: center;\"><img decoding=\"async\" class=\"alignleft\" src=\"https:\/\/i0.wp.com\/fmahaiti.org\/site\/wp-content\/uploads\/2021\/04\/pajeunes-4.jpeg?resize=768%2C576&amp;ssl=1\" alt=\"\" \/><\/div>\n<p>&nbsp;<\/p>\n<p style=\"text-align: center; color: #000; font-size: 16pt;\"><strong>&#8230; Une lueur d\u2019esp\u00e9rance dans le c\u0153ur des jeunes<\/strong><\/p>\n<div style=\"text-align: justify; color: #000; font-size: 12pt; padding: 0 15px;\">Du 1er au 4 Avril 2021, la majorit\u00e9 des communaut\u00e9s ont r\u00e9alis\u00e9 la P\u00e2ques des jeunes; dans plusieurs endroits, les Filles de Marie Auxiliatrice et les Sal\u00e9siens de Don Bosco l\u2019ont fait ensemble. Une occasion, pour eux, pour vivre les diff\u00e9rents moments du Saint Triduum pascal dans la pri\u00e8re, la r\u00e9flexion, le partage et la c\u00e9l\u00e9bration liturgique, autour du th\u00e8me: \u201c Alelouya Jezi vivan, nan lesperans ak renmen f\u00e8 k\u00e8 w kontan\u201d &#8230;<\/div>\n<div class=\"read-more\"><a href=\"\/site\/2021\/04\/09\/paques-des-jeunes-2021\/\"><strong>&#8230; Lire le texte<\/strong><\/a><\/div>\n<p>&nbsp;<\/p>\n<p><img data-recalc-dims=\"1\" loading=\"lazy\" decoding=\"async\" class=\"size-full wp-image-839 aligncenter\" style=\"padding-top: 30px;\" src=\"https:\/\/i0.wp.com\/fmahaiti.org\/site\/wp-content\/uploads\/2021\/03\/blue-lines.png?resize=843%2C78&#038;ssl=1\" alt=\"\" width=\"843\" height=\"78\" srcset=\"https:\/\/i0.wp.com\/fmahaiti.org\/site\/wp-content\/uploads\/2021\/03\/blue-lines.png?w=927&amp;ssl=1 927w, https:\/\/i0.wp.com\/fmahaiti.org\/site\/wp-content\/uploads\/2021\/03\/blue-lines.png?resize=300%2C28&amp;ssl=1 300w, https:\/\/i0.wp.com\/fmahaiti.org\/site\/wp-content\/uploads\/2021\/03\/blue-lines.png?resize=768%2C71&amp;ssl=1 768w\" sizes=\"auto, (max-width: 843px) 100vw, 843px\" \/><\/p>\n<h3 class=\"excerpt-title\">\u2693 Projet \u00e9ducatif \u00ab\u00a0Ensemble nous pouvons\u00a0\u00bb<\/h3>\n<div class=\"column-A\" style=\"text-align: center;\"><img data-recalc-dims=\"1\" decoding=\"async\" class=\"aligncenter\" src=\"https:\/\/i0.wp.com\/fmahaiti.org\/site\/wp-content\/uploads\/2021\/04\/novice2.jpg?w=502&#038;ssl=1\" alt=\"\"  \/><\/div>\n<div class=\"column-B\" style=\"text-align: center;\"><img data-recalc-dims=\"1\" decoding=\"async\" class=\"aligncenter\" src=\"https:\/\/i0.wp.com\/fmahaiti.org\/site\/wp-content\/uploads\/2021\/04\/NOVICES1.jpg?w=502&#038;ssl=1\" alt=\"\"  \/><\/div>\n<p style=\"text-align: center; color: #000; font-size: 14pt; padding-top: 25px;\"><strong>Un projet pour vivre \u00ab Laudato S\u00ec \u00bb: Prendre soin de la maison commune.<\/strong><\/p>\n<div style=\"text-align: justify; color: #000; font-size: 12pt; padding: 0 15px;\">Nous nous engageons dans ce projet parce que nous sommes des \u00e9ducatrices et des \u00e9ducateurs qui vivons le charisme sal\u00e9sien dans la fid\u00e9lit\u00e9, avec cr\u00e9ativit\u00e9 et pour les jeunes qui r\u00eavent de construire un avenir bien meilleur&#8230;.<\/div>\n<div class=\"read-more\"><a href=\"\/site\/education\/projet-educatif-ensemble-nous-pouvons\/\"><strong>&#8230; Lire le texte<\/strong><\/a><\/div>\n<p>&nbsp;<\/p>\n<p><img data-recalc-dims=\"1\" loading=\"lazy\" decoding=\"async\" class=\"size-full wp-image-839 aligncenter\" style=\"padding-top: 30px;\" src=\"https:\/\/i0.wp.com\/fmahaiti.org\/site\/wp-content\/uploads\/2021\/03\/blue-lines.png?resize=843%2C78&#038;ssl=1\" alt=\"\" width=\"843\" height=\"78\" srcset=\"https:\/\/i0.wp.com\/fmahaiti.org\/site\/wp-content\/uploads\/2021\/03\/blue-lines.png?w=927&amp;ssl=1 927w, https:\/\/i0.wp.com\/fmahaiti.org\/site\/wp-content\/uploads\/2021\/03\/blue-lines.png?resize=300%2C28&amp;ssl=1 300w, https:\/\/i0.wp.com\/fmahaiti.org\/site\/wp-content\/uploads\/2021\/03\/blue-lines.png?resize=768%2C71&amp;ssl=1 768w\" sizes=\"auto, (max-width: 843px) 100vw, 843px\" \/><\/p>\n<h3 class=\"excerpt-title\">\ud83d\udc4f <a title=\"Texte publi\u00e9 r\u00e9cemment\" href=\"\/site\/2021\/03\/25\/gratitude-provinciale-2021\/\">F\u00eate mondiale de la Reconnaissance 2021<\/a><\/h3>\n<div class=\"column-A\" style=\"text-align: center;\">\n<p><img data-recalc-dims=\"1\" loading=\"lazy\" decoding=\"async\" class=\"aligncenter wp-image-1061 size-full\" src=\"https:\/\/i0.wp.com\/fmahaiti.org\/site\/wp-content\/uploads\/2021\/03\/esterno-auxilium.jpg?resize=600%2C400&#038;ssl=1\" alt=\"\" width=\"600\" height=\"400\" srcset=\"https:\/\/i0.wp.com\/fmahaiti.org\/site\/wp-content\/uploads\/2021\/03\/esterno-auxilium.jpg?w=600&amp;ssl=1 600w, https:\/\/i0.wp.com\/fmahaiti.org\/site\/wp-content\/uploads\/2021\/03\/esterno-auxilium.jpg?resize=300%2C200&amp;ssl=1 300w\" sizes=\"auto, (max-width: 600px) 100vw, 600px\" \/><\/p>\n<p style=\"padding: 15px 30px;\">Communaut\u00e9 \u00ab M\u00e8re Angela Vespa \u00bb \u00e0 Rome, si\u00e8ge de la Facult\u00e9 Pontificale des Sciences de l\u2019Education \u00ab Auxilium \u00bb o\u00f9 se tiendra la F\u00eate mondiale de la Reconnaissance 2021, le 25 avril.<\/p>\n<\/div>\n<div class=\"column-B\">\n<p style=\"text-align: left;\"><a href=\"https:\/\/fmahaiti.org\/site\/2021\/03\/28\/fete-mondiale-de-la-reconnaissance-2021\/\"><img data-recalc-dims=\"1\" loading=\"lazy\" decoding=\"async\" class=\"aligncenter wp-image-1056 size-full\" title=\"Logo de la F\u00eate mondiale de la Reconnaissance 2021 \" src=\"https:\/\/i0.wp.com\/fmahaiti.org\/site\/wp-content\/uploads\/2021\/03\/reconnaissance2021.jpg?resize=400%2C356&#038;ssl=1\" alt=\"\" width=\"400\" height=\"356\" srcset=\"https:\/\/i0.wp.com\/fmahaiti.org\/site\/wp-content\/uploads\/2021\/03\/reconnaissance2021.jpg?w=400&amp;ssl=1 400w, https:\/\/i0.wp.com\/fmahaiti.org\/site\/wp-content\/uploads\/2021\/03\/reconnaissance2021.jpg?resize=300%2C267&amp;ssl=1 300w\" sizes=\"auto, (max-width: 400px) 100vw, 400px\" \/><\/a><br \/>\nLa F\u00eate mondiale de la Reconnaissance 202 aura pour th\u00e8me \u00ab\u00a0En R\u00e9seau, pour une culture de la vie \u00ab\u00a0; un th\u00e8me qui s\u2019inspire de l\u2019exp\u00e9rience de Don Bosco qui a donn\u00e9 naissance \u00e0 un r\u00e9seau mondial en vue de cr\u00e9er des alliances&#8230;<\/p>\n<\/div>\n<p class=\"read-more\"><a href=\"https:\/\/fmahaiti.org\/site\/2021\/03\/28\/fete-mondiale-de-la-reconnaissance-2021\/\"><strong>Lire la suite<\/strong><\/a><\/p>\n<p><img data-recalc-dims=\"1\" loading=\"lazy\" decoding=\"async\" class=\"size-full wp-image-839 aligncenter\" style=\"padding-top: 30px;\" src=\"https:\/\/i0.wp.com\/fmahaiti.org\/site\/wp-content\/uploads\/2021\/03\/blue-lines.png?resize=843%2C78&#038;ssl=1\" alt=\"\" width=\"843\" height=\"78\" srcset=\"https:\/\/i0.wp.com\/fmahaiti.org\/site\/wp-content\/uploads\/2021\/03\/blue-lines.png?w=927&amp;ssl=1 927w, https:\/\/i0.wp.com\/fmahaiti.org\/site\/wp-content\/uploads\/2021\/03\/blue-lines.png?resize=300%2C28&amp;ssl=1 300w, https:\/\/i0.wp.com\/fmahaiti.org\/site\/wp-content\/uploads\/2021\/03\/blue-lines.png?resize=768%2C71&amp;ssl=1 768w\" sizes=\"auto, (max-width: 843px) 100vw, 843px\" \/><\/p>\n<\/div>\n","protected":false},"excerpt":{"rendered":"<p>Page d&rsquo;accueil du site officiel des Filles de Marie Auxiliatrice ou S\u0153urs Sal\u00e9siennes de Don Bosco \u0153uvrant en Haiti et en Guadeloupe.<\/p>\n","protected":false},"author":1,"featured_media":2097,"parent":0,"menu_order":0,"comment_status":"closed","ping_status":"closed","template":"","meta":{"footnotes":""},"class_list":["post-670","page","type-page","status-publish","has-post-thumbnail","hentry"],"jetpack_sharing_enabled":false,"jetpack_shortlink":"https:\/\/wp.me\/PcR5kd-aO","jetpack-related-posts":[{"id":339,"url":"https:\/\/fmahaiti.org\/site\/nos-communautes\/","url_meta":{"origin":670,"position":0},"title":"Nos Communaut\u00e9s","author":"fmahaiti","date":"9 mars 2021","format":false,"excerpt":"Les Filles de Marie Auxiliatrice d\u2019Ha\u00efti animent 18 communaut\u00e9s \u00e9ducatives avec une pr\u00e9sence dans 8 des 10 d\u00e9partements de la R\u00e9publique d'Haiti et en Guadeloupe (Saint-Martin \u2013 Marigot)...","rel":"","context":"Article similaire","block_context":{"text":"Article similaire","link":""},"img":{"alt_text":"","src":"https:\/\/i0.wp.com\/fmahaiti.org\/site\/wp-content\/uploads\/2024\/12\/IMG-20240201-WA0018-300x225.jpg?resize=350%2C200&ssl=1","width":350,"height":200},"classes":[]},{"id":233,"url":"https:\/\/fmahaiti.org\/site\/origine\/fma-haiti\/","url_meta":{"origin":670,"position":1},"title":"Les FMA en Haiti","author":"fmahaiti","date":"7 mars 2021","format":false,"excerpt":"Les S\u0153urs Sal\u00e9siennes se sont \u00e9tablies en Haiti en 1935. Aujourd\u2019hui, elles comptent 18 maisons reparties \u00e0 travers le pays et en Guadeloupe. Rattach\u00e9es, jusqu\u2019en 1991 \u00e0 la Province des Antilles dont le si\u00e8ge se trouve \u00e0 Santo Domingo, R\u00e9publique Dominicaine, elles sont devenues d\u2019abord une Pr\u00e9-Province, et en 1997\u2026","rel":"","context":"Article similaire","block_context":{"text":"Article similaire","link":""},"img":{"alt_text":"","src":"https:\/\/i0.wp.com\/fmahaiti.org\/images\/perpetuel-secours.jpg?resize=350%2C200&ssl=1","width":350,"height":200},"classes":[]},{"id":213,"url":"https:\/\/fmahaiti.org\/site\/origine\/","url_meta":{"origin":670,"position":2},"title":"Qui sommes-nous?","author":"fmahaiti","date":"7 mars 2021","format":false,"excerpt":"Page sur l'origine des Filles de Marie Auxiliatrice, une congr\u00e9gation de droit pontifical, pour l'\u00e9ducation de la jeunesse, fond\u00e9e en Italie par Saint Jean Bosco (1815-1888) et Sainte Marie Dominique Mazzarello ( 1837-1872). Les Filles de Marie Auxiliatrice sont surtout connues en Haiti sous le nom de \u00ab\u00a0S\u0153urs Sal\u00e9siennes\u00a0\u00bb...","rel":"","context":"Article similaire","block_context":{"text":"Article similaire","link":""},"img":{"alt_text":"Photo de Dominique Mazzarello","src":"https:\/\/i0.wp.com\/fmahaiti.org\/images\/mazzarello.jpg?resize=350%2C200&ssl=1","width":350,"height":200},"classes":[]},{"id":1190,"url":"https:\/\/fmahaiti.org\/site\/education\/bureau-pedagogique-et-de-developpement-des-fma-en-haiti\/","url_meta":{"origin":670,"position":3},"title":"Bureau P\u00e9dagogique et de D\u00e9veloppement des FMA en Ha\u00efti","author":"Sr Martha Seide","date":"5 avril 2021","format":false,"excerpt":"Apr\u00e8s le s\u00e9isme d\u00e9vastateur du 12 janvier 2010,\u00a0 en \u00e9troite collaboration avec des Organisations telles ACTEC et Via Don Bosco, les FMA d'Haiti ont mis en place un Bureau P\u00e9dagogique et de D\u00e9veloppement. Le bureau p\u00e9dagogique a pour but de favoriser: L'am\u00e9lioration de la qualit\u00e9 de l'Enseignement, la mise \u00e0\u2026","rel":"","context":"Article similaire","block_context":{"text":"Article similaire","link":""},"img":{"alt_text":"","src":"https:\/\/i0.wp.com\/fmahaiti.org\/site\/wp-content\/uploads\/2021\/08\/logocombine.jpg?resize=350%2C200&ssl=1","width":350,"height":200,"srcset":"https:\/\/i0.wp.com\/fmahaiti.org\/site\/wp-content\/uploads\/2021\/08\/logocombine.jpg?resize=350%2C200&ssl=1 1x, https:\/\/i0.wp.com\/fmahaiti.org\/site\/wp-content\/uploads\/2021\/08\/logocombine.jpg?resize=525%2C300&ssl=1 1.5x, https:\/\/i0.wp.com\/fmahaiti.org\/site\/wp-content\/uploads\/2021\/08\/logocombine.jpg?resize=700%2C400&ssl=1 2x, https:\/\/i0.wp.com\/fmahaiti.org\/site\/wp-content\/uploads\/2021\/08\/logocombine.jpg?resize=1050%2C600&ssl=1 3x, https:\/\/i0.wp.com\/fmahaiti.org\/site\/wp-content\/uploads\/2021\/08\/logocombine.jpg?resize=1400%2C800&ssl=1 4x"},"classes":[]},{"id":2146,"url":"https:\/\/fmahaiti.org\/site\/xxive-chapitre-general\/","url_meta":{"origin":670,"position":4},"title":"Vie de l&rsquo;Institut","author":"fmahaiti","date":"12 septembre 2021","format":false,"excerpt":"Le Chapitre G\u00e9n\u00e9ral est un temps fort de partage de l\u2019Identit\u00e9 et de la mission charismatique de l\u2019Institut des Filles de Marie Ausiliatrice. Du 17 septembre 2021, nous c\u00e9l\u00e9brons le XXIV\u00e8me Chapitre G\u00e9n\u00e9ral dans l\u2019histoire de l\u2019Institut FMA et la M\u00e8re G\u00e9n\u00e9rale est la 9\u00e8me successeur de M\u00e8re Mazzarello.","rel":"","context":"Dans &quot;Vie de l'Institut&quot;","block_context":{"text":"Vie de l'Institut","link":"https:\/\/fmahaiti.org\/site\/category\/vie-de-linstitut\/"},"img":{"alt_text":"","src":"","width":0,"height":0},"classes":[]},{"id":512,"url":"https:\/\/fmahaiti.org\/site\/origine\/vocation-fma\/","url_meta":{"origin":670,"position":5},"title":"Devenir Fille de Marie Auxiliatrice\u00a0ou\u00a0Sal\u00e9sienne de Don Bosco","author":"fmahaiti","date":"11 mars 2021","format":false,"excerpt":"Quand une jeune s\u2019oriente vers notre Institut, nous nous mettons \u00e0 l\u2019\u00e9coute de ses motivations profondes, et nous l\u2019aidons progressivement \u00e0 les \u00e9claircir. Nous lui offrons un cheminement de formation initiale qui comprend diff\u00e9rentes \u00e9tapes...","rel":"","context":"Article similaire","block_context":{"text":"Article similaire","link":""},"img":{"alt_text":"","src":"https:\/\/i0.wp.com\/fmahaiti.org\/site\/wp-content\/uploads\/2024\/12\/Photo-Sta-1024x632.jpg?resize=350%2C200&ssl=1","width":350,"height":200,"srcset":"https:\/\/i0.wp.com\/fmahaiti.org\/site\/wp-content\/uploads\/2024\/12\/Photo-Sta-1024x632.jpg?resize=350%2C200&ssl=1 1x, https:\/\/i0.wp.com\/fmahaiti.org\/site\/wp-content\/uploads\/2024\/12\/Photo-Sta-1024x632.jpg?resize=525%2C300&ssl=1 1.5x, https:\/\/i0.wp.com\/fmahaiti.org\/site\/wp-content\/uploads\/2024\/12\/Photo-Sta-1024x632.jpg?resize=700%2C400&ssl=1 2x"},"classes":[]}],"_links":{"self":[{"href":"https:\/\/fmahaiti.org\/site\/wp-json\/wp\/v2\/pages\/670","targetHints":{"allow":["GET"]}}],"collection":[{"href":"https:\/\/fmahaiti.org\/site\/wp-json\/wp\/v2\/pages"}],"about":[{"href":"https:\/\/fmahaiti.org\/site\/wp-json\/wp\/v2\/types\/page"}],"author":[{"embeddable":true,"href":"https:\/\/fmahaiti.org\/site\/wp-json\/wp\/v2\/users\/1"}],"replies":[{"embeddable":true,"href":"https:\/\/fmahaiti.org\/site\/wp-json\/wp\/v2\/comments?post=670"}],"version-history":[{"count":6,"href":"https:\/\/fmahaiti.org\/site\/wp-json\/wp\/v2\/pages\/670\/revisions"}],"predecessor-version":[{"id":15842,"href":"https:\/\/fmahaiti.org\/site\/wp-json\/wp\/v2\/pages\/670\/revisions\/15842"}],"wp:featuredmedia":[{"embeddable":true,"href":"https:\/\/fmahaiti.org\/site\/wp-json\/wp\/v2\/media\/2097"}],"wp:attachment":[{"href":"https:\/\/fmahaiti.org\/site\/wp-json\/wp\/v2\/media?parent=670"}],"curies":[{"name":"wp","href":"https:\/\/api.w.org\/{rel}","templated":true}]}}