{"id":494,"date":"2021-03-11T20:04:27","date_gmt":"2021-03-12T01:04:27","guid":{"rendered":"https:\/\/fmahaiti.org\/site\/?page_id=494"},"modified":"2021-03-14T13:55:24","modified_gmt":"2021-03-14T17:55:24","slug":"coop","status":"publish","type":"page","link":"https:\/\/fmahaiti.org\/site\/famille-salesienne\/coop\/","title":{"rendered":"Sal\u00e9siens Coop\u00e9rateurs et Coop\u00e9ratrices"},"content":{"rendered":"<figure id=\"attachment_498\" aria-describedby=\"caption-attachment-498\" style=\"width: 300px\" class=\"wp-caption alignleft\"><img data-recalc-dims=\"1\" loading=\"lazy\" decoding=\"async\" class=\"wp-image-498 size-medium\" src=\"https:\/\/i0.wp.com\/fmahaiti.org\/site\/wp-content\/uploads\/2021\/03\/cooperateur-2019.jpg?resize=300%2C202&#038;ssl=1\" alt=\"\" width=\"300\" height=\"202\" srcset=\"https:\/\/i0.wp.com\/fmahaiti.org\/site\/wp-content\/uploads\/2021\/03\/cooperateur-2019.jpg?resize=300%2C202&amp;ssl=1 300w, https:\/\/i0.wp.com\/fmahaiti.org\/site\/wp-content\/uploads\/2021\/03\/cooperateur-2019.jpg?resize=768%2C517&amp;ssl=1 768w, https:\/\/i0.wp.com\/fmahaiti.org\/site\/wp-content\/uploads\/2021\/03\/cooperateur-2019.jpg?w=1024&amp;ssl=1 1024w\" sizes=\"auto, (max-width: 300px) 100vw, 300px\" \/><figcaption id=\"caption-attachment-498\" class=\"wp-caption-text\">25 ao\u00fbt,2019: nouveaux Sal\u00e9siens Coop\u00e9rateurs \u00e0 Jacmel<\/figcaption><\/figure>\n<p>L\u2019Association des Sal\u00e9siens Coop\u00e9rateurs et Coop\u00e9ratrices est fond\u00e9e par Don Bosco en 1841. Elle est l\u2019un des groupes composant la Famille Sal\u00e9sienne, avec la Soci\u00e9t\u00e9 de Saint Fran\u00e7ois de Sales, l\u2019Institut des Filles de Marie Auxiliatrice et d\u2019autres groupes reconnus officiellement.\u00a0 Approuv\u00e9e par le Saint-Si\u00e8ge comme Association publique de fid\u00e8les, elle apporte \u00e0 la Famille Sal\u00e9sienne les valeurs sp\u00e9cifiques de sa situation dans le monde, dans le respect de l\u2019identit\u00e9 et de l\u2019autonomie propres de chaque groupe. Elle vit une relation particuli\u00e8re de communion avec la Soci\u00e9t\u00e9 de Saint Fran\u00e7ois de Sales qui, par volont\u00e9 du Fondateur, a dans la Famille un r\u00f4le sp\u00e9cifique de responsabilit\u00e9.<\/p>\n<p>Les membres collaborent activement \u00e0 la mission de l&rsquo;Association, au nom de l&rsquo;\u00c9glise, sous l&rsquo;autorit\u00e9 du Recteur Majeur des Sal\u00e9siens, qui est le Successeur de Don Bosco, en esprit de fid\u00e9lit\u00e9 aux Pasteurs et en collaboration avec les autres forces eccl\u00e9siales. (Statut, Art. 4).<\/p>\n<p>L\u2019Association des Sal\u00e9siens Coop\u00e9rateurs et Coop\u00e9ratrices compte actuellement dans le monde 24.196 membres dont pr\u00e8s d&rsquo;une centaine en Ha\u00efti.\u00a0Elle a son si\u00e8ge central \u00e0 Rome<\/p>\n<p>Pour plus d\u2019informations consultez le <a href=\"https:\/\/www.asscc-mondiale.org\/webSite\/wp-content\/uploads\/2017\/12\/PVA_statuto_francese.pdf\"><strong>Statut on line<\/strong><\/a> en format PDF<\/p>\n","protected":false},"excerpt":{"rendered":"<p>L\u2019Association des Sal\u00e9siens Coop\u00e9rateurs et Coop\u00e9ratrices est fond\u00e9e par Don Bosco en 1841. Elle est l\u2019un des groupes composant la Famille Sal\u00e9sienne, avec la Soci\u00e9t\u00e9&hellip;<\/p>\n","protected":false},"author":1,"featured_media":0,"parent":439,"menu_order":2,"comment_status":"closed","ping_status":"closed","template":"","meta":{"footnotes":""},"class_list":["post-494","page","type-page","status-publish","hentry"],"jetpack_sharing_enabled":true,"jetpack_shortlink":"https:\/\/wp.me\/PcR5kd-7Y","jetpack-related-posts":[{"id":439,"url":"https:\/\/fmahaiti.org\/site\/famille-salesienne\/","url_meta":{"origin":494,"position":0},"title":"La Famille sal\u00e9sienne","author":"fmahaiti","date":"11 mars 2021","format":false,"excerpt":"Famille aux ramifications nombreuses, la famille sal\u00e9sienne fut fond\u00e9e par Don Bosco lui-m\u00eame qui a voulu que chacune de ses composantes ait sa propre physionomie et ses propres activit\u00e9s tout en\u00a0 restant fortement unies par le partage de l\u2019esprit sal\u00e9sien, le v\u00e9cu d\u2019un m\u00eame id\u00e9al missionnaire cultivant la collaboration en\u2026","rel":"","context":"Article similaire","block_context":{"text":"Article similaire","link":""},"img":{"alt_text":"","src":"","width":0,"height":0},"classes":[]},{"id":339,"url":"https:\/\/fmahaiti.org\/site\/nos-communautes\/","url_meta":{"origin":494,"position":1},"title":"Nos Communaut\u00e9s","author":"fmahaiti","date":"9 mars 2021","format":false,"excerpt":"Les Filles de Marie Auxiliatrice d\u2019Ha\u00efti animent 18 communaut\u00e9s \u00e9ducatives avec une pr\u00e9sence dans 8 des 10 d\u00e9partements de la R\u00e9publique d'Haiti et en Guadeloupe (Saint-Martin \u2013 Marigot)...","rel":"","context":"Article similaire","block_context":{"text":"Article similaire","link":""},"img":{"alt_text":"","src":"https:\/\/i0.wp.com\/fmahaiti.org\/site\/wp-content\/uploads\/2024\/12\/IMG-20240201-WA0018-300x225.jpg?resize=350%2C200&ssl=1","width":350,"height":200},"classes":[]},{"id":446,"url":"https:\/\/fmahaiti.org\/site\/famille-salesienne\/sdb\/","url_meta":{"origin":494,"position":2},"title":"Les Sal\u00e9siens de Don Bosco","author":"fmahaiti","date":"11 mars 2021","format":false,"excerpt":"Membres d\u2019un institut religieux de droit pontifical, consacr\u00e9 aux \u0153uvres apostoliques fond\u00e9 par Saint Jean Bosco le 8 d\u00e9cembre 1859 \u00e0 Turin (Italie) avec 17 jeunes d\u00e9sireux de se consacrer \u00e0 Dieu tout en s\u2019adonnant \u00e0 l\u2019\u00e9ducation de jeunes pauvres et abandonn\u00e9s...","rel":"","context":"Article similaire","block_context":{"text":"Article similaire","link":""},"img":{"alt_text":"","src":"https:\/\/i0.wp.com\/fmahaiti.org\/site\/wp-content\/uploads\/2021\/03\/sdb-logo-239x300.png?resize=350%2C200&ssl=1","width":350,"height":200},"classes":[]},{"id":250,"url":"https:\/\/fmahaiti.org\/site\/origine\/mission\/","url_meta":{"origin":494,"position":3},"title":"Mission","author":"fmahaiti","date":"7 mars 2021","format":false,"excerpt":"Nous op\u00e9rons dans des champs d\u2019activit\u00e9s vari\u00e9es : \u00e9ducation formelle, non formelle, alphab\u00e9tisation ; formation professionnelle ; activit\u00e9s g\u00e9n\u00e9ratrices de revenu (AGR). Les activit\u00e9s (activit\u00e9s artisanales, culturelles, conf\u00e9rences, loisirs, sport, \u00e9cologie) visent en g\u00e9n\u00e9ral la promotion de la femme. l\u2019am\u00e9lioration du cadre d\u2019apprentissage et d\u2019int\u00e9gration des composantes culturelles, sociales et\u2026","rel":"","context":"Article similaire","block_context":{"text":"Article similaire","link":""},"img":{"alt_text":"","src":"https:\/\/i0.wp.com\/fmahaiti.org\/images\/destinataires.jpg?resize=350%2C200","width":350,"height":200},"classes":[]},{"id":670,"url":"https:\/\/fmahaiti.org\/site\/","url_meta":{"origin":494,"position":4},"title":"Bienvenue sur le site des FMA d&rsquo;Haiti","author":"fmahaiti","date":"3 octobre 2024","format":false,"excerpt":"Page d'accueil du site officiel des Filles de Marie Auxiliatrice ou S\u0153urs Sal\u00e9siennes de Don Bosco \u0153uvrant en Haiti et en Guadeloupe.","rel":"","context":"Article similaire","block_context":{"text":"Article similaire","link":""},"img":{"alt_text":"","src":"https:\/\/i0.wp.com\/fmahaiti.org\/site\/wp-content\/uploads\/2025\/12\/STRENNA2026-FRA-1024x731.jpg?resize=350%2C200&ssl=1","width":350,"height":200,"srcset":"https:\/\/i0.wp.com\/fmahaiti.org\/site\/wp-content\/uploads\/2025\/12\/STRENNA2026-FRA-1024x731.jpg?resize=350%2C200&ssl=1 1x, https:\/\/i0.wp.com\/fmahaiti.org\/site\/wp-content\/uploads\/2025\/12\/STRENNA2026-FRA-1024x731.jpg?resize=525%2C300&ssl=1 1.5x, https:\/\/i0.wp.com\/fmahaiti.org\/site\/wp-content\/uploads\/2025\/12\/STRENNA2026-FRA-1024x731.jpg?resize=700%2C400&ssl=1 2x"},"classes":[]},{"id":1935,"url":"https:\/\/fmahaiti.org\/site\/education\/carte-didentite-de-lecole-salesienne-en-amerique\/","url_meta":{"origin":494,"position":5},"title":"Carte d&rsquo;identit\u00e9 de l&rsquo;\u00e9cole sal\u00e9sienne en Am\u00e9rique","author":"Sr Martha Seide","date":"7 ao\u00fbt 2021","format":false,"excerpt":"L\u2019\u00c9cole Sal\u00e9sienne am\u00e9ricaine, pr\u00e9sente sur tout le continent, est compos\u00e9e des \u00e9coles des Provinces am\u00e9ricaines, organis\u00e9es en quatre r\u00e9gions: Nous d\u00e9veloppons notre mission au Canada, aux \u00c9tats-Unis d\u2019Am\u00e9rique et dans tous les pays d\u2019Am\u00e9rique latine, avec une pr\u00e9sence \u00e9ducative de plus de 900 \u00e9coles et Centres de Formation Technique professionnelle,\u2026","rel":"","context":"Article similaire","block_context":{"text":"Article similaire","link":""},"img":{"alt_text":"","src":"https:\/\/i0.wp.com\/fmahaiti.org\/site\/wp-content\/uploads\/2021\/08\/carte-didentite-de-lecole-salesienne-en-Amerique.jpg?fit=952%2C415&ssl=1&resize=350%2C200","width":350,"height":200,"srcset":"https:\/\/i0.wp.com\/fmahaiti.org\/site\/wp-content\/uploads\/2021\/08\/carte-didentite-de-lecole-salesienne-en-Amerique.jpg?fit=952%2C415&ssl=1&resize=350%2C200 1x, https:\/\/i0.wp.com\/fmahaiti.org\/site\/wp-content\/uploads\/2021\/08\/carte-didentite-de-lecole-salesienne-en-Amerique.jpg?fit=952%2C415&ssl=1&resize=525%2C300 1.5x, https:\/\/i0.wp.com\/fmahaiti.org\/site\/wp-content\/uploads\/2021\/08\/carte-didentite-de-lecole-salesienne-en-Amerique.jpg?fit=952%2C415&ssl=1&resize=700%2C400 2x"},"classes":[]}],"_links":{"self":[{"href":"https:\/\/fmahaiti.org\/site\/wp-json\/wp\/v2\/pages\/494","targetHints":{"allow":["GET"]}}],"collection":[{"href":"https:\/\/fmahaiti.org\/site\/wp-json\/wp\/v2\/pages"}],"about":[{"href":"https:\/\/fmahaiti.org\/site\/wp-json\/wp\/v2\/types\/page"}],"author":[{"embeddable":true,"href":"https:\/\/fmahaiti.org\/site\/wp-json\/wp\/v2\/users\/1"}],"replies":[{"embeddable":true,"href":"https:\/\/fmahaiti.org\/site\/wp-json\/wp\/v2\/comments?post=494"}],"version-history":[{"count":3,"href":"https:\/\/fmahaiti.org\/site\/wp-json\/wp\/v2\/pages\/494\/revisions"}],"predecessor-version":[{"id":571,"href":"https:\/\/fmahaiti.org\/site\/wp-json\/wp\/v2\/pages\/494\/revisions\/571"}],"up":[{"embeddable":true,"href":"https:\/\/fmahaiti.org\/site\/wp-json\/wp\/v2\/pages\/439"}],"wp:attachment":[{"href":"https:\/\/fmahaiti.org\/site\/wp-json\/wp\/v2\/media?parent=494"}],"curies":[{"name":"wp","href":"https:\/\/api.w.org\/{rel}","templated":true}]}}