{"id":250,"date":"2021-03-07T18:45:12","date_gmt":"2021-03-07T23:45:12","guid":{"rendered":"https:\/\/fmahaiti.org\/site\/?page_id=250"},"modified":"2021-03-14T13:52:22","modified_gmt":"2021-03-14T17:52:22","slug":"mission","status":"publish","type":"page","link":"https:\/\/fmahaiti.org\/site\/origine\/mission\/","title":{"rendered":"Mission"},"content":{"rendered":"<p>Dans une situation o\u00f9 l\u2019on constate encore un fort pourcentage d\u2019analphab\u00e9tisme et o\u00f9 l\u2019\u00c9tat n\u2019arrive pas \u00e0 r\u00e9pondre aux demandes \u00e9ducatives d\u2019un peuple tr\u00e8s motiv\u00e9, <strong>notre mission constitue un signe d\u2019esp\u00e9rance<\/strong>. Ainsi, nous op\u00e9rons dans des champs d\u2019activit\u00e9s vari\u00e9es : \u00e9ducation formelle, non formelle, alphab\u00e9tisation ; formation professionnelle ; activit\u00e9s g\u00e9n\u00e9ratrices de revenu (AGR). Les activit\u00e9s (activit\u00e9s artisanales, culturelles, conf\u00e9rences, loisirs, sport, \u00e9cologie) visent en g\u00e9n\u00e9ral la promotion de la femme; l\u2019am\u00e9lioration du cadre d\u2019apprentissage et d\u2019int\u00e9gration des composantes culturelles, sociales et spirituelles dans la formation des jeunes.<span id=\"more-101\"><\/span><\/p>\n<p><img data-recalc-dims=\"1\" loading=\"lazy\" decoding=\"async\" class=\"alignright \" src=\"https:\/\/i0.wp.com\/fmahaiti.org\/images\/destinataires.jpg?resize=372%2C279\" width=\"372\" height=\"279\" \/>Dans cette perspective, nos communaut\u00e9s offrent le pain de l\u2019\u00e9ducation \u00e0 travers:<\/p>\n<ul>\n<li>12 Pr\u00e9scolaires<\/li>\n<li>15 \u00c9coles primaires : Cycle fondamental complet<\/li>\n<li>6 \u00c9coles secondaires atteignant la classe terminale<\/li>\n<li>1 \u00c9cole Normale \u00e0 double vacation<\/li>\n<li>7 \u00c9coles professionnelles de premier niveau<\/li>\n<li>9 Centres des Jeunes \u00e0 caract\u00e8re professionnel<\/li>\n<li>10 internats ou foyers<\/li>\n<li>13 patronages pour les enfants et adolescents<\/li>\n<li>20 groupes juv\u00e9niles et associations<\/li>\n<li>3 groupes alphab\u00e9tisation d&rsquo;adultes<\/li>\n<li>Mouvement sal\u00e9sien des Jeunes en collaboration avec les SDB<\/li>\n<li>Cat\u00e9ch\u00e8se et Animation paroissiale<\/li>\n<li>Dispensaire dans toutes les \u00e9coles et 1 dispensaire ouvert au public<\/li>\n<li>Collaboration et accompagnement des groupes de la Famille Sal\u00e9sienne sp\u00e9cialement les Anciennes et Anciens \u00c9l\u00e8ves et les Sal\u00e9siens Coop\u00e9rateurs.<\/li>\n<\/ul>\n<p>Nous touchons directement un effectif de <strong>22676<\/strong> enfants et jeunes environ avec la collaboration de 885 enseignants et 243 collaborateurs la\u00efcs. Quand nous consid\u00e9rons les familles qui sont derri\u00e8re ces enfants et jeunes, le nombre se multiplie. Pour l\u2019\u00e9mergence vie qu\u2019il y a dans le pays, ce n\u2019est qu\u2019une goutte dans l\u2019oc\u00e9an, mais c\u2019est un signe qui fait de nous des <strong>artisans d\u2019esp\u00e9rance dans le quotidien.<\/strong><\/p>\n","protected":false},"excerpt":{"rendered":"<p>Nous op\u00e9rons dans des champs d\u2019activit\u00e9s vari\u00e9es : \u00e9ducation formelle, non formelle, alphab\u00e9tisation ; formation professionnelle ; activit\u00e9s g\u00e9n\u00e9ratrices de revenu (AGR). Les activit\u00e9s (activit\u00e9s artisanales, culturelles, conf\u00e9rences, loisirs, sport, \u00e9cologie) visent en g\u00e9n\u00e9ral  la promotion de la femme. l\u2019am\u00e9lioration du cadre d\u2019apprentissage et d\u2019int\u00e9gration des composantes culturelles, sociales et spirituelles dans la formation des jeunes.<\/p>\n","protected":false},"author":1,"featured_media":0,"parent":213,"menu_order":3,"comment_status":"closed","ping_status":"closed","template":"","meta":{"footnotes":""},"class_list":["post-250","page","type-page","status-publish","hentry"],"jetpack_sharing_enabled":true,"jetpack_shortlink":"https:\/\/wp.me\/PcR5kd-42","jetpack-related-posts":[{"id":1038,"url":"https:\/\/fmahaiti.org\/site\/education\/","url_meta":{"origin":250,"position":0},"title":"Education","author":"fmahaiti","date":"28 mars 2021","format":false,"excerpt":"La mission sal\u00e9sienne privil\u00e9gie l\u2019\u00e9ducation de ceux qui se trouvent en situation de pauvret\u00e9 et de risque.\u00a0 Pour cela, elle implique tous ceux qui sont engag\u00e9s dans la promotion de la formation int\u00e9grale. Suivant les traces de Saint Jean Bosco et Sainte Marie Dominique Mazzarello, les FMA ont toujours d\u00e9montr\u00e9\u2026","rel":"","context":"Article similaire","block_context":{"text":"Article similaire","link":""},"img":{"alt_text":"","src":"https:\/\/i0.wp.com\/fmahaiti.org\/site\/wp-content\/uploads\/2021\/08\/logocombine.jpg?resize=350%2C200&ssl=1","width":350,"height":200,"srcset":"https:\/\/i0.wp.com\/fmahaiti.org\/site\/wp-content\/uploads\/2021\/08\/logocombine.jpg?resize=350%2C200&ssl=1 1x, https:\/\/i0.wp.com\/fmahaiti.org\/site\/wp-content\/uploads\/2021\/08\/logocombine.jpg?resize=525%2C300&ssl=1 1.5x, https:\/\/i0.wp.com\/fmahaiti.org\/site\/wp-content\/uploads\/2021\/08\/logocombine.jpg?resize=700%2C400&ssl=1 2x, https:\/\/i0.wp.com\/fmahaiti.org\/site\/wp-content\/uploads\/2021\/08\/logocombine.jpg?resize=1050%2C600&ssl=1 3x, https:\/\/i0.wp.com\/fmahaiti.org\/site\/wp-content\/uploads\/2021\/08\/logocombine.jpg?resize=1400%2C800&ssl=1 4x"},"classes":[]},{"id":1935,"url":"https:\/\/fmahaiti.org\/site\/education\/carte-didentite-de-lecole-salesienne-en-amerique\/","url_meta":{"origin":250,"position":1},"title":"Carte d&rsquo;identit\u00e9 de l&rsquo;\u00e9cole sal\u00e9sienne en Am\u00e9rique","author":"Sr Martha Seide","date":"7 ao\u00fbt 2021","format":false,"excerpt":"L\u2019\u00c9cole Sal\u00e9sienne am\u00e9ricaine, pr\u00e9sente sur tout le continent, est compos\u00e9e des \u00e9coles des Provinces am\u00e9ricaines, organis\u00e9es en quatre r\u00e9gions: Nous d\u00e9veloppons notre mission au Canada, aux \u00c9tats-Unis d\u2019Am\u00e9rique et dans tous les pays d\u2019Am\u00e9rique latine, avec une pr\u00e9sence \u00e9ducative de plus de 900 \u00e9coles et Centres de Formation Technique professionnelle,\u2026","rel":"","context":"Article similaire","block_context":{"text":"Article similaire","link":""},"img":{"alt_text":"","src":"https:\/\/i0.wp.com\/fmahaiti.org\/site\/wp-content\/uploads\/2021\/08\/carte-didentite-de-lecole-salesienne-en-Amerique.jpg?fit=952%2C415&ssl=1&resize=350%2C200","width":350,"height":200,"srcset":"https:\/\/i0.wp.com\/fmahaiti.org\/site\/wp-content\/uploads\/2021\/08\/carte-didentite-de-lecole-salesienne-en-Amerique.jpg?fit=952%2C415&ssl=1&resize=350%2C200 1x, https:\/\/i0.wp.com\/fmahaiti.org\/site\/wp-content\/uploads\/2021\/08\/carte-didentite-de-lecole-salesienne-en-Amerique.jpg?fit=952%2C415&ssl=1&resize=525%2C300 1.5x, https:\/\/i0.wp.com\/fmahaiti.org\/site\/wp-content\/uploads\/2021\/08\/carte-didentite-de-lecole-salesienne-en-Amerique.jpg?fit=952%2C415&ssl=1&resize=700%2C400 2x"},"classes":[]},{"id":1190,"url":"https:\/\/fmahaiti.org\/site\/education\/bureau-pedagogique-et-de-developpement-des-fma-en-haiti\/","url_meta":{"origin":250,"position":2},"title":"Bureau P\u00e9dagogique et de D\u00e9veloppement des FMA en Ha\u00efti","author":"Sr Martha Seide","date":"5 avril 2021","format":false,"excerpt":"Apr\u00e8s le s\u00e9isme d\u00e9vastateur du 12 janvier 2010,\u00a0 en \u00e9troite collaboration avec des Organisations telles ACTEC et Via Don Bosco, les FMA d'Haiti ont mis en place un Bureau P\u00e9dagogique et de D\u00e9veloppement. Le bureau p\u00e9dagogique a pour but de favoriser: L'am\u00e9lioration de la qualit\u00e9 de l'Enseignement, la mise \u00e0\u2026","rel":"","context":"Article similaire","block_context":{"text":"Article similaire","link":""},"img":{"alt_text":"","src":"https:\/\/i0.wp.com\/fmahaiti.org\/site\/wp-content\/uploads\/2021\/08\/logocombine.jpg?resize=350%2C200&ssl=1","width":350,"height":200,"srcset":"https:\/\/i0.wp.com\/fmahaiti.org\/site\/wp-content\/uploads\/2021\/08\/logocombine.jpg?resize=350%2C200&ssl=1 1x, https:\/\/i0.wp.com\/fmahaiti.org\/site\/wp-content\/uploads\/2021\/08\/logocombine.jpg?resize=525%2C300&ssl=1 1.5x, https:\/\/i0.wp.com\/fmahaiti.org\/site\/wp-content\/uploads\/2021\/08\/logocombine.jpg?resize=700%2C400&ssl=1 2x, https:\/\/i0.wp.com\/fmahaiti.org\/site\/wp-content\/uploads\/2021\/08\/logocombine.jpg?resize=1050%2C600&ssl=1 3x, https:\/\/i0.wp.com\/fmahaiti.org\/site\/wp-content\/uploads\/2021\/08\/logocombine.jpg?resize=1400%2C800&ssl=1 4x"},"classes":[]},{"id":339,"url":"https:\/\/fmahaiti.org\/site\/nos-communautes\/","url_meta":{"origin":250,"position":3},"title":"Nos Communaut\u00e9s","author":"fmahaiti","date":"9 mars 2021","format":false,"excerpt":"Les Filles de Marie Auxiliatrice d\u2019Ha\u00efti animent 18 communaut\u00e9s \u00e9ducatives avec une pr\u00e9sence dans 8 des 10 d\u00e9partements de la R\u00e9publique d'Haiti et en Guadeloupe (Saint-Martin \u2013 Marigot)...","rel":"","context":"Article similaire","block_context":{"text":"Article similaire","link":""},"img":{"alt_text":"","src":"https:\/\/i0.wp.com\/fmahaiti.org\/site\/wp-content\/uploads\/2024\/12\/IMG-20240201-WA0018-300x225.jpg?resize=350%2C200&ssl=1","width":350,"height":200},"classes":[]},{"id":670,"url":"https:\/\/fmahaiti.org\/site\/","url_meta":{"origin":250,"position":4},"title":"Bienvenue sur le site des FMA d&rsquo;Haiti","author":"fmahaiti","date":"3 octobre 2024","format":false,"excerpt":"Page d'accueil du site officiel des Filles de Marie Auxiliatrice ou S\u0153urs Sal\u00e9siennes de Don Bosco \u0153uvrant en Haiti et en Guadeloupe.","rel":"","context":"Article similaire","block_context":{"text":"Article similaire","link":""},"img":{"alt_text":"","src":"https:\/\/i0.wp.com\/fmahaiti.org\/site\/wp-content\/uploads\/2025\/12\/STRENNA2026-FRA-1024x731.jpg?resize=350%2C200&ssl=1","width":350,"height":200,"srcset":"https:\/\/i0.wp.com\/fmahaiti.org\/site\/wp-content\/uploads\/2025\/12\/STRENNA2026-FRA-1024x731.jpg?resize=350%2C200&ssl=1 1x, https:\/\/i0.wp.com\/fmahaiti.org\/site\/wp-content\/uploads\/2025\/12\/STRENNA2026-FRA-1024x731.jpg?resize=525%2C300&ssl=1 1.5x, https:\/\/i0.wp.com\/fmahaiti.org\/site\/wp-content\/uploads\/2025\/12\/STRENNA2026-FRA-1024x731.jpg?resize=700%2C400&ssl=1 2x"},"classes":[]},{"id":1065,"url":"https:\/\/fmahaiti.org\/site\/education\/pacte-educatif-global\/","url_meta":{"origin":250,"position":5},"title":"Pacte \u00e9ducatif global","author":"Sr Martha Seide","date":"8 mai 2021","format":false,"excerpt":"PLAN ACTION LS PROVINCE NDS Objectis Laudato SI PROJET PACTE EDUCATIF GLOGAL POUR LEDUCATION \u00a0 Le Pape Fran\u00e7ois nous a invit\u00e9s \u00e0 plusieurs reprises et, de mani\u00e8re particuli\u00e8re, dans sa convocation, le 12 septembre 2019 et lors de sa relance, le 15 septembre 2020 \u00e0 construire le Pacte \u00c9ducatif Global\u2026","rel":"","context":"Article similaire","block_context":{"text":"Article similaire","link":""},"img":{"alt_text":"","src":"https:\/\/i0.wp.com\/fmahaiti.org\/site\/wp-content\/uploads\/2021\/08\/plan-laudato-si.jpg?resize=350%2C200&ssl=1","width":350,"height":200,"srcset":"https:\/\/i0.wp.com\/fmahaiti.org\/site\/wp-content\/uploads\/2021\/08\/plan-laudato-si.jpg?resize=350%2C200&ssl=1 1x, https:\/\/i0.wp.com\/fmahaiti.org\/site\/wp-content\/uploads\/2021\/08\/plan-laudato-si.jpg?resize=525%2C300&ssl=1 1.5x, https:\/\/i0.wp.com\/fmahaiti.org\/site\/wp-content\/uploads\/2021\/08\/plan-laudato-si.jpg?resize=700%2C400&ssl=1 2x, https:\/\/i0.wp.com\/fmahaiti.org\/site\/wp-content\/uploads\/2021\/08\/plan-laudato-si.jpg?resize=1050%2C600&ssl=1 3x"},"classes":[]}],"_links":{"self":[{"href":"https:\/\/fmahaiti.org\/site\/wp-json\/wp\/v2\/pages\/250","targetHints":{"allow":["GET"]}}],"collection":[{"href":"https:\/\/fmahaiti.org\/site\/wp-json\/wp\/v2\/pages"}],"about":[{"href":"https:\/\/fmahaiti.org\/site\/wp-json\/wp\/v2\/types\/page"}],"author":[{"embeddable":true,"href":"https:\/\/fmahaiti.org\/site\/wp-json\/wp\/v2\/users\/1"}],"replies":[{"embeddable":true,"href":"https:\/\/fmahaiti.org\/site\/wp-json\/wp\/v2\/comments?post=250"}],"version-history":[{"count":4,"href":"https:\/\/fmahaiti.org\/site\/wp-json\/wp\/v2\/pages\/250\/revisions"}],"predecessor-version":[{"id":568,"href":"https:\/\/fmahaiti.org\/site\/wp-json\/wp\/v2\/pages\/250\/revisions\/568"}],"up":[{"embeddable":true,"href":"https:\/\/fmahaiti.org\/site\/wp-json\/wp\/v2\/pages\/213"}],"wp:attachment":[{"href":"https:\/\/fmahaiti.org\/site\/wp-json\/wp\/v2\/media?parent=250"}],"curies":[{"name":"wp","href":"https:\/\/api.w.org\/{rel}","templated":true}]}}